{"id":990,"date":"2020-11-03T11:54:59","date_gmt":"2020-11-03T11:54:59","guid":{"rendered":"http:\/\/perer5.sg-host.com\/avis-legal\/"},"modified":"2024-03-06T11:12:59","modified_gmt":"2024-03-06T11:12:59","slug":"avis-legal","status":"publish","type":"page","link":"https:\/\/www.otbwaterdesign.com\/ca\/avis-legal\/","title":{"rendered":"Av\u00eds Legal"},"content":{"rendered":"\t\t<div data-elementor-type=\"wp-page\" data-elementor-id=\"990\" class=\"elementor elementor-990 elementor-316\" data-elementor-post-type=\"page\">\n\t\t\t\t\t\t<section data-particle_enable=\"false\" data-particle-mobile-disabled=\"false\" class=\"has_ae_slider elementor-section elementor-top-section elementor-element elementor-element-fa2650b elementor-section-boxed elementor-section-height-default elementor-section-height-default ae-bg-gallery-type-default\" data-id=\"fa2650b\" data-element_type=\"section\" data-settings=\"{&quot;background_background&quot;:&quot;classic&quot;}\">\n\t\t\t\t\t\t<div class=\"elementor-container elementor-column-gap-default\">\n\t\t\t\t\t<div class=\"has_ae_slider elementor-column elementor-col-100 elementor-top-column elementor-element elementor-element-2e8b683 ae-bg-gallery-type-default\" data-id=\"2e8b683\" data-element_type=\"column\">\n\t\t\t<div class=\"elementor-widget-wrap\">\n\t\t\t\t\t\t\t<\/div>\n\t\t<\/div>\n\t\t\t\t\t<\/div>\n\t\t<\/section>\n\t\t\t\t<section data-particle_enable=\"false\" data-particle-mobile-disabled=\"false\" class=\"has_ae_slider elementor-section elementor-top-section elementor-element elementor-element-a303fd8 elementor-section-boxed elementor-section-height-default elementor-section-height-default ae-bg-gallery-type-default\" data-id=\"a303fd8\" data-element_type=\"section\">\n\t\t\t\t\t\t<div class=\"elementor-container elementor-column-gap-default\">\n\t\t\t\t\t<div class=\"has_ae_slider elementor-column elementor-col-100 elementor-top-column elementor-element elementor-element-24d7de2 ae-bg-gallery-type-default\" data-id=\"24d7de2\" data-element_type=\"column\">\n\t\t\t<div class=\"elementor-widget-wrap elementor-element-populated\">\n\t\t\t\t\t\t<div class=\"elementor-element elementor-element-5f236fb elementor-widget elementor-widget-heading\" data-id=\"5f236fb\" data-element_type=\"widget\" data-widget_type=\"heading.default\">\n\t\t\t\t<div class=\"elementor-widget-container\">\n\t\t\t<h1 class=\"elementor-heading-title elementor-size-default\"><br class=\"Apple-interchange-newline\"><span style=\"color: rgb(10, 10, 10); font-family: &quot;Josefin Sans&quot;; letter-spacing: 3.5px; text-transform: uppercase; white-space: normal;\">AVISO LEGAL Y POL\u00cdTICA DEL SISTEMA INTEGRADO DE GESTI\u00d3N<\/span><\/h1>\t\t<\/div>\n\t\t\t\t<\/div>\n\t\t\t\t<div class=\"elementor-element elementor-element-5bdddcf elementor-widget elementor-widget-heading\" data-id=\"5bdddcf\" data-element_type=\"widget\" data-widget_type=\"heading.default\">\n\t\t\t\t<div class=\"elementor-widget-container\">\n\t\t\t<h2 class=\"elementor-heading-title elementor-size-default\">1.IDENTITAT DEL TITULAR DEL WEB<\/h2>\t\t<\/div>\n\t\t\t\t<\/div>\n\t\t\t\t<div class=\"elementor-element elementor-element-4d97dc3 elementor-widget elementor-widget-text-editor\" data-id=\"4d97dc3\" data-element_type=\"widget\" data-widget_type=\"text-editor.default\">\n\t\t\t\t<div class=\"elementor-widget-container\">\n\t\t\t\t\t\t\t<div class=\"row\">\n<div class=\"span12 first-module module_number_1 module_cont  module_html\">\n<div class=\"module_inner\">\n<div class=\"module_content\">\n<p>En compliment del que estableix l&#8217;article 10 de la Llei 34\/2002, d&#8217;11 de juliol, de serveis de la societat de la informaci\u00f3 i de comer\u00e7 electr\u00f2nic, a continuaci\u00f3 es detallen les dades identificatives de l&#8217;entitat titular d&#8217;aquest lloc web: COMSA SERVICE FACILITY MANAGEMENT, S.A.U., amb NIF A60470127, domiciliada al c\/ Vall\u00e8s, 2, 08940, Cornell\u00e0 de Llobregat (Barcelona), tel\u00e8fon de contacte 934809150 i n\u00famero de fax de contacte 934734912. Inscrita al Registre Mercantil de Barcelona, tom 44429, foli 110, full B108797, inscripci\u00f3 86, data d&#8217;inscripci\u00f3 30\/12\/2015 (<a href=\"mailto:comsaservice.web@comsa.com\">comsaservice.web@comsa.com<\/a>)<\/p>\n<\/div>\n<\/div>\n<\/div>\n<\/div>\n<div class=\"row\">\n<div class=\"span12  module_number_2 module_cont  module_html\">\n<div class=\"module_inner\">\n<div id=\"2-acceptacio-de-les-condicions-dus\" class=\"bg_title\">\u00a0<\/div>\n<\/div>\n<\/div>\n<\/div>\n\t\t\t\t\t\t<\/div>\n\t\t\t\t<\/div>\n\t\t\t\t<div class=\"elementor-element elementor-element-270ae11 elementor-widget elementor-widget-heading\" data-id=\"270ae11\" data-element_type=\"widget\" data-widget_type=\"heading.default\">\n\t\t\t\t<div class=\"elementor-widget-container\">\n\t\t\t<h2 class=\"elementor-heading-title elementor-size-default\">2. ACCEPTACI\u00d3 DE LES CONDICIONS D'\u00daS<\/h2>\t\t<\/div>\n\t\t\t\t<\/div>\n\t\t\t\t<div class=\"elementor-element elementor-element-a20a9ef elementor-widget elementor-widget-text-editor\" data-id=\"a20a9ef\" data-element_type=\"widget\" data-widget_type=\"text-editor.default\">\n\t\t\t\t<div class=\"elementor-widget-container\">\n\t\t\t\t\t\t\t<p>Aquestes condicions (d&#8217;ara endavant denominades &#8220;av\u00eds legal&#8221;) tenen per objecte regular l&#8217;\u00fas d&#8217;aquest web, el titular del qual posa a disposici\u00f3 del p\u00fablic en aquesta URL. La utilitzaci\u00f3 del web per un tercer li atribueix la condici\u00f3 d&#8217;usuari i suposa l&#8217;acceptaci\u00f3 plena, per part d&#8217;aquest usuari, de totes i cadascuna de les condicions que s&#8217;incorporen en aquest av\u00eds legal.<\/p>\n\t\t\t\t\t\t<\/div>\n\t\t\t\t<\/div>\n\t\t\t\t<div class=\"elementor-element elementor-element-161df4d elementor-widget elementor-widget-heading\" data-id=\"161df4d\" data-element_type=\"widget\" data-widget_type=\"heading.default\">\n\t\t\t\t<div class=\"elementor-widget-container\">\n\t\t\t<h2 class=\"elementor-heading-title elementor-size-default\">3. \u00daS ADEQUAT DEL LLOC WEB<\/h2>\t\t<\/div>\n\t\t\t\t<\/div>\n\t\t\t\t<div class=\"elementor-element elementor-element-bca6de4 elementor-widget elementor-widget-text-editor\" data-id=\"bca6de4\" data-element_type=\"widget\" data-widget_type=\"text-editor.default\">\n\t\t\t\t<div class=\"elementor-widget-container\">\n\t\t\t\t\t\t\t<p>L&#8217;usuari es compromet a utilitzar el web, el contingut i els serveis d&#8217;aquest de conformitat amb la llei, amb aquest av\u00eds legal, els bons costums i l&#8217;ordre p\u00fablic. De la mateixa manera, l&#8217;usuari s&#8217;obliga a no utilitzar el web o els serveis que es prestin a trav\u00e9s d&#8217;aquest amb fins o efectes il\u00b7l\u00edcits o contraris al contingut d&#8217;aquest av\u00eds legal, lesius per als interessos o drets de tercers, o que, de qualsevol forma, puguin danyar, inutilitzar o deteriorar el web o els serveis que s&#8217;hi presten, o impedir un gaudi normal del web per part d&#8217;altres usuaris.<\/p>\n\t\t\t\t\t\t<\/div>\n\t\t\t\t<\/div>\n\t\t\t\t<div class=\"elementor-element elementor-element-9b64aab elementor-widget elementor-widget-heading\" data-id=\"9b64aab\" data-element_type=\"widget\" data-widget_type=\"heading.default\">\n\t\t\t\t<div class=\"elementor-widget-container\">\n\t\t\t<h2 class=\"elementor-heading-title elementor-size-default\">4. PROPIETAT INTEL\u00b7LECTUAL I INDUSTRIAL<\/h2>\t\t<\/div>\n\t\t\t\t<\/div>\n\t\t\t\t<div class=\"elementor-element elementor-element-6cd3d13 elementor-widget elementor-widget-text-editor\" data-id=\"6cd3d13\" data-element_type=\"widget\" data-widget_type=\"text-editor.default\">\n\t\t\t\t<div class=\"elementor-widget-container\">\n\t\t\t\t\t\t\t<p>Tot el contingut del web, llevat que s&#8217;indiqui el contrari, \u00e9s titularitat exclusiva del titular del web o de tercers i, amb car\u00e0cter enunciatiu, i no limitatiu, el disseny gr\u00e0fic, el codi font, els logotips, textos, gr\u00e0fics, il\u00b7lustracions, fotografies, i altres elements que apareixen al web. Igualment, tots els noms comercials, marques o signes distintius de qualsevol classe continguts en el web estan protegits per la llei. El titular del web no concedeix cap tipus de llic\u00e8ncia ni autoritzaci\u00f3 d&#8217;\u00fas personal a l&#8217;usuari sobre els seus drets de propietat intel\u00b7lectual i industrial ni sobre qualsevol altre dret relacionat amb el web i els serveis que s&#8217;hi ofereixen. Per aix\u00f2, l&#8217;usuari reconeix que la reproducci\u00f3, distribuci\u00f3, comercialitzaci\u00f3, transformaci\u00f3, i en general, qualsevol altra forma d&#8217;explotaci\u00f3, per qualsevol procediment, de tot el contingut d&#8217;aquest web, o de nom\u00e9s una part, constitueix una infracci\u00f3 dels drets de propietat intel\u00b7lectual i industrial del titular del web o del titular d&#8217;aquests.<\/p>\n\t\t\t\t\t\t<\/div>\n\t\t\t\t<\/div>\n\t\t\t\t<div class=\"elementor-element elementor-element-ec1ea57 elementor-widget elementor-widget-heading\" data-id=\"ec1ea57\" data-element_type=\"widget\" data-widget_type=\"heading.default\">\n\t\t\t\t<div class=\"elementor-widget-container\">\n\t\t\t<h2 class=\"elementor-heading-title elementor-size-default\">5. R\u00c8GIM DE RESPONSABILITAT<\/h2>\t\t<\/div>\n\t\t\t\t<\/div>\n\t\t\t\t<div class=\"elementor-element elementor-element-e6a2e65 elementor-widget elementor-widget-text-editor\" data-id=\"e6a2e65\" data-element_type=\"widget\" data-widget_type=\"text-editor.default\">\n\t\t\t\t<div class=\"elementor-widget-container\">\n\t\t\t\t\t\t\t<p>Responsabilitat per l&#8217;\u00fas del web. L&#8217;usuari \u00e9s l&#8217;\u00fanic responsable de les infraccions en qu\u00e8 pugui inc\u00f3rrer o dels perjudicis que pugui causar per la utilitzaci\u00f3 del web, per la qual cosa, el titular del web, els seus socis, empreses del grup, col\u00b7laboradors, treballadors i representants, queden exonerats de qualsevol tipus de responsabilitat que es pugui derivar per les accions de l&#8217;usuari. El titular del web ha d&#8217;emprar els esfor\u00e7os i mitjans raonables per facilitar informaci\u00f3 actualitzada i fefaent al web, tanmateix, no assumeix cap garantia en relaci\u00f3 amb l&#8217;abs\u00e8ncia d&#8217;errors, o de possibles inexactituds i omissions en cap dels continguts accessibles a trav\u00e9s d&#8217;aquest web. En el cas que es faciliti l&#8217;\u00fas de contrasenyes personals a l&#8217;usuari que es registri com a tal respecte a determinats serveis (per exemple, selecci\u00f3 de personal), l&#8217;usuari ha de conservar sota la seva exclusiva responsabilitat les contrasenyes en la m\u00e9s estricta confidencialitat, i assumeix, per tant, els danys o conseq\u00fc\u00e8ncies que es derivin de donar a con\u00e8ixer o revelar el secret. Responsabilitat pel funcionament del web. El titular del web declina tota responsabilitat relativa a la disponibilitat i continu\u00eftat del lloc web, aix\u00ed com dels serveis que t\u00e9 vinculats i de qualsevol interfer\u00e8ncia, omissi\u00f3, interrupci\u00f3, virus inform\u00e0tic, avaria telef\u00f2nica o desconnexi\u00f3 en el funcionament operatiu del sistema electr\u00f2nic, motivats per causes alienes al titular del web. El titular del web est\u00e0 facultat per suspendre temporalment, i sense av\u00eds previ, l&#8217;accessibilitat al web amb motiu d&#8217;operacions de manteniment, reparaci\u00f3, actualitzaci\u00f3 o millora. Responsabilitat per enlla\u00e7os. Els enlla\u00e7os o links continguts en el web poden conduir a l&#8217;usuari a altres webs gestionats per tercers. La funci\u00f3 dels enlla\u00e7os que apareixen \u00e9s \u00fanicament la d&#8217;informar l&#8217;usuari sobre l&#8217;exist\u00e8ncia d&#8217;altres fonts d&#8217;informaci\u00f3 sobre un tema en concret. El titular del web queda exonerat de tota responsabilitat pel funcionament correcte d&#8217;aquests enlla\u00e7os, del resultat obtingut a trav\u00e9s d&#8217;aquests enlla\u00e7os, de la veracitat i licitud del contingut o informaci\u00f3 a la qual es pot accedir, aix\u00ed com dels perjudicis que pugui patir l&#8217;usuari en virtut de la informaci\u00f3 trobada al web enlla\u00e7at.<\/p>\n\t\t\t\t\t\t<\/div>\n\t\t\t\t<\/div>\n\t\t\t\t<div class=\"elementor-element elementor-element-d2f0b53 elementor-widget elementor-widget-heading\" data-id=\"d2f0b53\" data-element_type=\"widget\" data-widget_type=\"heading.default\">\n\t\t\t\t<div class=\"elementor-widget-container\">\n\t\t\t<h2 class=\"elementor-heading-title elementor-size-default\"> 6. POL\u00cdTICA RESPECTE A LES DADES PERSONALS OBTINGUDES A TRAV\u00c9S DEL WEB<\/h2>\t\t<\/div>\n\t\t\t\t<\/div>\n\t\t\t\t<div class=\"elementor-element elementor-element-77482e2 elementor-widget elementor-widget-text-editor\" data-id=\"77482e2\" data-element_type=\"widget\" data-widget_type=\"text-editor.default\">\n\t\t\t\t<div class=\"elementor-widget-container\">\n\t\t\t\t\t\t\t<div class=\"wrapper\">\n<div class=\"container\">\n<div class=\"content_block row no-sidebar\">\n<div class=\"fl-container \">\n<div class=\"posts-block \">\n<div class=\"contentarea\">\n<div class=\"row\">\n<div class=\"span12  module_number_6 module_cont  module_html\">\n<div class=\"module_inner\">\n<div class=\"module_content\">\n<p>Per visitar el web de COMSA SERVICE FACILITY MANAGEMENT, S.A.U., en general no \u00e9s necessari que faciliteu les vostres dades de car\u00e0cter personal; si b\u00e9 \u00e9s possible que, en determinades circumst\u00e0ncies, us ho requerim per poder relacionar-nos amb v\u00f3s. En els casos en qu\u00e8 ens faciliteu dades personals, aquestes s&#8217;incorporaran al fitxer corresponent, titularitat de COMSA SERVICE FACILITY MANAGEMENT, S.A.U., i el tractament \u00fanicament es realitzar\u00e0 amb la finalitat per a la qual s&#8217;hagin facilitat:resoluci\u00f3 de consultes, contacte comercial relatiu a productes i serveis de COMSA SERVICE FACILITY MANAGEMENT, S.A.U., selecci\u00f3 i contractaci\u00f3 de treballadors i altres funcionalitats. En cas que no proporcioneu les vostres dades personals, se us denegar\u00e0 la possibilitat de beneficiar-vos de certes utilitats ofertes pel nostre web en qu\u00e8 es requereixin les dades personals, com pot ser la selecci\u00f3 de personal (recruitment). El fet de facilitar les vostres dades personals suposa que doneu la vostra conformitat activa i expressa al seu tractament en els termes descrits. En qualsevol moment, disposeu del dret d&#8217;accedir, rectificar o cancel\u00b7lar les dades personals que ens hagueu facilitat, aix\u00ed com d&#8217;oposar-vos-en al tractament, dirigint-vos a COMSA SERVICE FACILITY MANAGEMENT, S.A.U. mitjan\u00e7ant la tramesa d&#8217;un correu electr\u00f2nic a comsaservice.web@comsa.com o a les oficines situades al carrer Vall\u00e8s, 2 de Cornell\u00e0 de Llobregat (08940). Aquest web pot utilitzar galetes (cookies) per tal de facilitar la navegaci\u00f3 i oferir un servei personalitzat i m\u00e9s \u00e0gil. Podeu configurar el vostre programa de navegaci\u00f3 per Internet per no rebre aquestes galetes; en aquest cas, la qualitat i rapidesa de la navegaci\u00f3 al web pot disminuir.<\/p>\n<\/div>\n<\/div>\n<\/div>\n<\/div>\n<\/div>\n<\/div>\n<\/div>\n<\/div>\n<\/div>\n<\/div>\n\t\t\t\t\t\t<\/div>\n\t\t\t\t<\/div>\n\t\t\t\t\t<\/div>\n\t\t<\/div>\n\t\t\t\t\t<\/div>\n\t\t<\/section>\n\t\t\t\t<\/div>\n\t\t","protected":false},"excerpt":{"rendered":"<p>AVISO LEGAL Y POL\u00cdTICA DEL SISTEMA INTEGRADO DE GESTI\u00d3N 1.IDENTITAT DEL TITULAR DEL WEB En compliment del que estableix l&#8217;article 10 de la Llei 34\/2002, d&#8217;11 de juliol, de serveis de la societat de la informaci\u00f3 i de comer\u00e7 electr\u00f2nic, a continuaci\u00f3 es detallen les dades identificatives de l&#8217;entitat titular d&#8217;aquest lloc web: COMSA SERVICE &#8230; <a title=\"Av\u00eds Legal\" class=\"read-more\" href=\"https:\/\/www.otbwaterdesign.com\/ca\/avis-legal\/\" aria-label=\"M\u00e9s informaci\u00f3 sobre Av\u00eds Legal\">Read more<\/a><\/p>\n","protected":false},"author":1,"featured_media":0,"parent":0,"menu_order":0,"comment_status":"closed","ping_status":"closed","template":"elementor_header_footer","meta":{"_acf_changed":false,"footnotes":""},"acf":[],"yoast_head":"<!-- This site is optimized with the Yoast SEO Premium plugin v22.5 (Yoast SEO v22.5) - https:\/\/yoast.com\/wordpress\/plugins\/seo\/ -->\n<title>Av\u00eds Legal - Oficina T\u00e9cnica Buigas<\/title>\n<meta name=\"robots\" content=\"noindex, nofollow\" \/>\n<meta property=\"og:locale\" content=\"ca_ES\" \/>\n<meta property=\"og:type\" content=\"article\" \/>\n<meta property=\"og:title\" content=\"Av\u00eds Legal\" \/>\n<meta property=\"og:description\" content=\"AVISO LEGAL Y POL\u00cdTICA DEL SISTEMA INTEGRADO DE GESTI\u00d3N 1.IDENTITAT DEL TITULAR DEL WEB En compliment del que estableix l&#8217;article 10 de la Llei 34\/2002, d&#8217;11 de juliol, de serveis de la societat de la informaci\u00f3 i de comer\u00e7 electr\u00f2nic, a continuaci\u00f3 es detallen les dades identificatives de l&#8217;entitat titular d&#8217;aquest lloc web: COMSA SERVICE ... Read more\" \/>\n<meta property=\"og:url\" content=\"https:\/\/www.otbwaterdesign.com\/ca\/avis-legal\/\" \/>\n<meta property=\"og:site_name\" content=\"Oficina T\u00e9cnica Buigas\" \/>\n<meta property=\"article:modified_time\" content=\"2024-03-06T11:12:59+00:00\" \/>\n<meta name=\"twitter:card\" content=\"summary_large_image\" \/>\n<meta name=\"twitter:label1\" content=\"Temps estimat de lectura\" \/>\n\t<meta name=\"twitter:data1\" content=\"5 minuts\" \/>\n<script type=\"application\/ld+json\" class=\"yoast-schema-graph\">{\"@context\":\"https:\/\/schema.org\",\"@graph\":[{\"@type\":\"WebPage\",\"@id\":\"https:\/\/www.otbwaterdesign.com\/ca\/avis-legal\/\",\"url\":\"https:\/\/www.otbwaterdesign.com\/ca\/avis-legal\/\",\"name\":\"Av\u00eds Legal - Oficina T\u00e9cnica Buigas\",\"isPartOf\":{\"@id\":\"https:\/\/www.otbwaterdesign.com\/ca\/#website\"},\"datePublished\":\"2020-11-03T11:54:59+00:00\",\"dateModified\":\"2024-03-06T11:12:59+00:00\",\"breadcrumb\":{\"@id\":\"https:\/\/www.otbwaterdesign.com\/ca\/avis-legal\/#breadcrumb\"},\"inLanguage\":\"ca\",\"potentialAction\":[{\"@type\":\"ReadAction\",\"target\":[\"https:\/\/www.otbwaterdesign.com\/ca\/avis-legal\/\"]}]},{\"@type\":\"BreadcrumbList\",\"@id\":\"https:\/\/www.otbwaterdesign.com\/ca\/avis-legal\/#breadcrumb\",\"itemListElement\":[{\"@type\":\"ListItem\",\"position\":1,\"name\":\"Portada\",\"item\":\"https:\/\/www.otbwaterdesign.com\/ca\/\"},{\"@type\":\"ListItem\",\"position\":2,\"name\":\"Av\u00eds Legal\"}]},{\"@type\":\"WebSite\",\"@id\":\"https:\/\/www.otbwaterdesign.com\/ca\/#website\",\"url\":\"https:\/\/www.otbwaterdesign.com\/ca\/\",\"name\":\"Oficina T\u00e9cnica Buigas\",\"description\":\"Fuentes Ornamentales OTB\",\"publisher\":{\"@id\":\"https:\/\/www.otbwaterdesign.com\/ca\/#organization\"},\"potentialAction\":[{\"@type\":\"SearchAction\",\"target\":{\"@type\":\"EntryPoint\",\"urlTemplate\":\"https:\/\/www.otbwaterdesign.com\/ca\/?s={search_term_string}\"},\"query-input\":\"required name=search_term_string\"}],\"inLanguage\":\"ca\"},{\"@type\":\"Organization\",\"@id\":\"https:\/\/www.otbwaterdesign.com\/ca\/#organization\",\"name\":\"Otb.es\",\"url\":\"https:\/\/www.otbwaterdesign.com\/ca\/\",\"logo\":{\"@type\":\"ImageObject\",\"inLanguage\":\"ca\",\"@id\":\"https:\/\/www.otbwaterdesign.com\/ca\/#\/schema\/logo\/image\/\",\"url\":\"https:\/\/www.otbwaterdesign.com\/wp-content\/uploads\/2020\/10\/OTB-Logo-2.png\",\"contentUrl\":\"https:\/\/www.otbwaterdesign.com\/wp-content\/uploads\/2020\/10\/OTB-Logo-2.png\",\"width\":216,\"height\":228,\"caption\":\"Otb.es\"},\"image\":{\"@id\":\"https:\/\/www.otbwaterdesign.com\/ca\/#\/schema\/logo\/image\/\"}}]}<\/script>\n<!-- \/ Yoast SEO Premium plugin. -->","yoast_head_json":{"title":"Av\u00eds Legal - Oficina T\u00e9cnica Buigas","robots":{"index":"noindex","follow":"nofollow"},"og_locale":"ca_ES","og_type":"article","og_title":"Av\u00eds Legal","og_description":"AVISO LEGAL Y POL\u00cdTICA DEL SISTEMA INTEGRADO DE GESTI\u00d3N 1.IDENTITAT DEL TITULAR DEL WEB En compliment del que estableix l&#8217;article 10 de la Llei 34\/2002, d&#8217;11 de juliol, de serveis de la societat de la informaci\u00f3 i de comer\u00e7 electr\u00f2nic, a continuaci\u00f3 es detallen les dades identificatives de l&#8217;entitat titular d&#8217;aquest lloc web: COMSA SERVICE ... Read more","og_url":"https:\/\/www.otbwaterdesign.com\/ca\/avis-legal\/","og_site_name":"Oficina T\u00e9cnica Buigas","article_modified_time":"2024-03-06T11:12:59+00:00","twitter_card":"summary_large_image","twitter_misc":{"Temps estimat de lectura":"5 minuts"},"schema":{"@context":"https:\/\/schema.org","@graph":[{"@type":"WebPage","@id":"https:\/\/www.otbwaterdesign.com\/ca\/avis-legal\/","url":"https:\/\/www.otbwaterdesign.com\/ca\/avis-legal\/","name":"Av\u00eds Legal - Oficina T\u00e9cnica Buigas","isPartOf":{"@id":"https:\/\/www.otbwaterdesign.com\/ca\/#website"},"datePublished":"2020-11-03T11:54:59+00:00","dateModified":"2024-03-06T11:12:59+00:00","breadcrumb":{"@id":"https:\/\/www.otbwaterdesign.com\/ca\/avis-legal\/#breadcrumb"},"inLanguage":"ca","potentialAction":[{"@type":"ReadAction","target":["https:\/\/www.otbwaterdesign.com\/ca\/avis-legal\/"]}]},{"@type":"BreadcrumbList","@id":"https:\/\/www.otbwaterdesign.com\/ca\/avis-legal\/#breadcrumb","itemListElement":[{"@type":"ListItem","position":1,"name":"Portada","item":"https:\/\/www.otbwaterdesign.com\/ca\/"},{"@type":"ListItem","position":2,"name":"Av\u00eds Legal"}]},{"@type":"WebSite","@id":"https:\/\/www.otbwaterdesign.com\/ca\/#website","url":"https:\/\/www.otbwaterdesign.com\/ca\/","name":"Oficina T\u00e9cnica Buigas","description":"Fuentes Ornamentales OTB","publisher":{"@id":"https:\/\/www.otbwaterdesign.com\/ca\/#organization"},"potentialAction":[{"@type":"SearchAction","target":{"@type":"EntryPoint","urlTemplate":"https:\/\/www.otbwaterdesign.com\/ca\/?s={search_term_string}"},"query-input":"required name=search_term_string"}],"inLanguage":"ca"},{"@type":"Organization","@id":"https:\/\/www.otbwaterdesign.com\/ca\/#organization","name":"Otb.es","url":"https:\/\/www.otbwaterdesign.com\/ca\/","logo":{"@type":"ImageObject","inLanguage":"ca","@id":"https:\/\/www.otbwaterdesign.com\/ca\/#\/schema\/logo\/image\/","url":"https:\/\/www.otbwaterdesign.com\/wp-content\/uploads\/2020\/10\/OTB-Logo-2.png","contentUrl":"https:\/\/www.otbwaterdesign.com\/wp-content\/uploads\/2020\/10\/OTB-Logo-2.png","width":216,"height":228,"caption":"Otb.es"},"image":{"@id":"https:\/\/www.otbwaterdesign.com\/ca\/#\/schema\/logo\/image\/"}}]}},"_links":{"self":[{"href":"https:\/\/www.otbwaterdesign.com\/ca\/wp-json\/wp\/v2\/pages\/990"}],"collection":[{"href":"https:\/\/www.otbwaterdesign.com\/ca\/wp-json\/wp\/v2\/pages"}],"about":[{"href":"https:\/\/www.otbwaterdesign.com\/ca\/wp-json\/wp\/v2\/types\/page"}],"author":[{"embeddable":true,"href":"https:\/\/www.otbwaterdesign.com\/ca\/wp-json\/wp\/v2\/users\/1"}],"replies":[{"embeddable":true,"href":"https:\/\/www.otbwaterdesign.com\/ca\/wp-json\/wp\/v2\/comments?post=990"}],"version-history":[{"count":1,"href":"https:\/\/www.otbwaterdesign.com\/ca\/wp-json\/wp\/v2\/pages\/990\/revisions"}],"predecessor-version":[{"id":11369,"href":"https:\/\/www.otbwaterdesign.com\/ca\/wp-json\/wp\/v2\/pages\/990\/revisions\/11369"}],"wp:attachment":[{"href":"https:\/\/www.otbwaterdesign.com\/ca\/wp-json\/wp\/v2\/media?parent=990"}],"curies":[{"name":"wp","href":"https:\/\/api.w.org\/{rel}","templated":true}]}}