{"id":11468,"date":"2024-03-27T11:59:29","date_gmt":"2024-03-27T11:59:29","guid":{"rendered":"https:\/\/www.otbwaterdesign.com\/proyecto\/disseny-i-installacio-font-ornamental-placa-ramon-ayllon\/"},"modified":"2024-03-27T11:59:29","modified_gmt":"2024-03-27T11:59:29","slug":"disseny-i-installacio-font-ornamental-placa-ramon-ayllon","status":"publish","type":"proyecto","link":"https:\/\/www.otbwaterdesign.com\/ca\/proyecto\/disseny-i-installacio-font-ornamental-placa-ramon-ayllon\/","title":{"rendered":"Disseny i Instal\u00b7laci\u00f3 Font Ornamental Pla\u00e7a Ram\u00f3n Ayll\u00f3n"},"content":{"rendered":"<p class=\"p1\"><strong>Disseny<\/strong><\/p>\n<p class=\"p1\">Aquesta font es va concebre per potenciar i mantenir la centralitat d&#8217;aquest \u00e0mbit urb\u00e0 mitjan\u00e7ant un element diferenciador que enriqueixi l&#8217;espai i serveixi per ordenar, articular i embellir la pla\u00e7a. L&#8217;estructura de la base \u00e9s robusta, amb un di\u00e0metre que proporciona un equilibri visual amb l&#8217;altura del broll.<\/p>\n<p class=\"p1\">La caracter\u00edstica m\u00e9s destacada del projecte \u00e9s que inclou la instal\u00b7laci\u00f3 d&#8217;un sistema de calefacci\u00f3 integrat per mantenir la temperatura de l&#8217;aigua per sobre dels 0\u00baC, evitant aix\u00ed la congelaci\u00f3 i possibles danys a les instal\u00b7lacions durant els mesos d&#8217;hivern.<\/p>\n<p class=\"p1\">Aquest sistema garanteix un funcionament continu i eficient assegurant que el brollador d&#8217;aigua central romangui constant de flux, evitant aix\u00ed possibles avaries independentment de les condicions climatol\u00f2giques.<\/p>\n<p class=\"p1\"><b>Execuci\u00f3<\/b><\/p>\n<p class=\"p1\">L&#8217;execuci\u00f3 del projecte es va dividir en tres fases principals:<\/p>\n<ul class=\"ul1\">\n<li class=\"li1\">La fase inicial del projecte va consistir en treballs d&#8217;enginyeria civil, que abastaven l&#8217;excavaci\u00f3 i el planejament del terreny. Posteriorment, es va dur a terme la instal\u00b7laci\u00f3 d&#8217;infraestructures subterr\u00e0nies essencials, com ara xarxes de canonades, sistemes de drenatge, conduccions el\u00e8ctriques i caixes de distribuci\u00f3. Es va atorgar una atenci\u00f3 meticulosa a la disposici\u00f3 de la sala t\u00e8cnica, que centralitza la majoria dels equips, i al tracat de les canonades que connecten aquesta sala amb l&#8217;estructura de la font.<\/li>\n<\/ul>\n<ul class=\"ul1\">\n<li class=\"li1\">En la segona etapa del projecte, es va procedir a la implementaci\u00f3 dels components hidr\u00e0ulics i el\u00e8ctrics, la qual cosa va implicar una coordinaci\u00f3 detallada amb les tasques de construcci\u00f3 civil pr\u00e8vies. Aquesta fase va incloure la instal\u00b7laci\u00f3 de conductes, sistemes de bombament, sistema de tractament d&#8217;aigua i altres accessoris requerits. En aquesta etapa es va instal\u00b7lar el sistema de calefacci\u00f3 integrat.<\/li>\n<\/ul>\n<ul class=\"ul1\">\n<li class=\"li1\">La fase final del projecte va consistir en la programaci\u00f3 i sincronitzaci\u00f3 de la font; es van realitzar connexions el\u00e8ctriques mitjan\u00e7ant les connexions entre els components i el panell de control central, situat a la sala de maquin\u00e0ria, mitjan\u00e7ant l&#8217;\u00fas del programari especialitzat Syncroshow\u00ae. Aquest programa avan\u00e7at facilita la programaci\u00f3 i gesti\u00f3 del rendiment de la font en funci\u00f3 de variables espec\u00edfiques com ara horaris i condicions meteorol\u00f2giques. Posteriorment, es van dur a terme proves exhaustives per validar que la font funcion\u00e9s segons els est\u00e0ndards i les especificacions pr\u00e8viament definits.<\/li>\n<\/ul>\n<p class=\"p1\"><b>Sostenibilitat<\/b><\/p>\n<p class=\"p1\">A OTB, la sostenibilitat \u00e9s un aspecte fonamental. En els projectes sempre s&#8217;utilitzen materials duradors i d&#8217;alta qualitat, com l&#8217;acer inoxidable i els vidres antivand\u00e0lics, amb la finalitat de reduir la necessitat de substitucions freq\u00fcents i, en conseq\u00fc\u00e8ncia, de disminuir el consum de recursos i l&#8217;impacte ambiental.<\/p>\n<p class=\"p1\">A m\u00e9s a m\u00e9s, el seu comprom\u00eds \u00e9s aconseguir la m\u00e0xima efici\u00e8ncia energ\u00e8tica en implantar llums LED de baixa pot\u00e8ncia i ajustar amb cura la instal\u00b7laci\u00f3 perqu\u00e8 funcioni amb la menor quantitat d&#8217;energia necess\u00e0ria, sense comprometre el seu rendiment. Aix\u00f2 es tradueix en un menor consum energ\u00e8tic i una reducci\u00f3 significativa de les emissions de carboni, generant estalvis a llarg termini i contribuint a la mitigaci\u00f3 del canvi clim\u00e0tic.<\/p>\n<p class=\"p1\">Pel que fa a la conservaci\u00f3 de l&#8217;aigua, es va implementar un sistema de tractament que permet reutilitzar-la, funcionant en circuit tancat. Aix\u00f2 implica recircular l&#8217;aigua en lloc de descartar-la constantment, la qual cosa limita el seu consum i mant\u00e9 la seva qualitat en \u00f2ptimes condicions. D&#8217;aquesta manera, es minimitza el malbaratament d&#8217;aigua i es redueix la demanda de recursos h\u00eddrics, promocionant un \u00fas responsable i sostenible d&#8217;aquest recurs vital.<\/p>\n","protected":false},"featured_media":11464,"template":"","meta":{"_acf_changed":false},"categories":[72],"tags":[],"acf":[],"yoast_head":"<!-- This site is optimized with the Yoast SEO Premium plugin v22.5 (Yoast SEO v22.5) - https:\/\/yoast.com\/wordpress\/plugins\/seo\/ -->\n<title>Disseny i Instal\u00b7laci\u00f3 Font Ornamental Pla\u00e7a Ram\u00f3n Ayll\u00f3n - Oficina T\u00e9cnica Buigas<\/title>\n<meta name=\"robots\" content=\"noindex, follow\" \/>\n<meta property=\"og:locale\" content=\"ca_ES\" \/>\n<meta property=\"og:type\" content=\"article\" \/>\n<meta property=\"og:title\" content=\"Disseny i Instal\u00b7laci\u00f3 Font Ornamental Pla\u00e7a Ram\u00f3n Ayll\u00f3n\" \/>\n<meta property=\"og:description\" content=\"Disseny Aquesta font es va concebre per potenciar i mantenir la centralitat d&#8217;aquest \u00e0mbit urb\u00e0 mitjan\u00e7ant un element diferenciador que enriqueixi l&#8217;espai i serveixi per ordenar, articular i embellir la pla\u00e7a. L&#8217;estructura de la base \u00e9s robusta, amb un di\u00e0metre que proporciona un equilibri visual amb l&#8217;altura del broll. La caracter\u00edstica m\u00e9s destacada del projecte ... Read more\" \/>\n<meta property=\"og:url\" content=\"https:\/\/www.otbwaterdesign.com\/ca\/proyecto\/disseny-i-installacio-font-ornamental-placa-ramon-ayllon\/\" \/>\n<meta property=\"og:site_name\" content=\"Oficina T\u00e9cnica Buigas\" \/>\n<meta property=\"og:image\" content=\"https:\/\/www.otbwaterdesign.com\/wp-content\/uploads\/2024\/03\/IMG-20230919-WA0003.jpg\" \/>\n\t<meta property=\"og:image:width\" content=\"1000\" \/>\n\t<meta property=\"og:image:height\" content=\"450\" \/>\n\t<meta property=\"og:image:type\" content=\"image\/jpeg\" \/>\n<meta name=\"twitter:card\" content=\"summary_large_image\" \/>\n<meta name=\"twitter:label1\" content=\"Temps estimat de lectura\" \/>\n\t<meta name=\"twitter:data1\" content=\"3 minuts\" \/>\n<script type=\"application\/ld+json\" class=\"yoast-schema-graph\">{\"@context\":\"https:\/\/schema.org\",\"@graph\":[{\"@type\":\"WebPage\",\"@id\":\"https:\/\/www.otbwaterdesign.com\/ca\/proyecto\/disseny-i-installacio-font-ornamental-placa-ramon-ayllon\/\",\"url\":\"https:\/\/www.otbwaterdesign.com\/ca\/proyecto\/disseny-i-installacio-font-ornamental-placa-ramon-ayllon\/\",\"name\":\"Disseny i Instal\u00b7laci\u00f3 Font Ornamental Pla\u00e7a Ram\u00f3n Ayll\u00f3n - Oficina T\u00e9cnica Buigas\",\"isPartOf\":{\"@id\":\"https:\/\/www.otbwaterdesign.com\/ca\/#website\"},\"primaryImageOfPage\":{\"@id\":\"https:\/\/www.otbwaterdesign.com\/ca\/proyecto\/disseny-i-installacio-font-ornamental-placa-ramon-ayllon\/#primaryimage\"},\"image\":{\"@id\":\"https:\/\/www.otbwaterdesign.com\/ca\/proyecto\/disseny-i-installacio-font-ornamental-placa-ramon-ayllon\/#primaryimage\"},\"thumbnailUrl\":\"https:\/\/www.otbwaterdesign.com\/wp-content\/uploads\/2024\/03\/IMG-20230919-WA0003.jpg\",\"datePublished\":\"2024-03-27T11:59:29+00:00\",\"dateModified\":\"2024-03-27T11:59:29+00:00\",\"breadcrumb\":{\"@id\":\"https:\/\/www.otbwaterdesign.com\/ca\/proyecto\/disseny-i-installacio-font-ornamental-placa-ramon-ayllon\/#breadcrumb\"},\"inLanguage\":\"ca\",\"potentialAction\":[{\"@type\":\"ReadAction\",\"target\":[\"https:\/\/www.otbwaterdesign.com\/ca\/proyecto\/disseny-i-installacio-font-ornamental-placa-ramon-ayllon\/\"]}]},{\"@type\":\"ImageObject\",\"inLanguage\":\"ca\",\"@id\":\"https:\/\/www.otbwaterdesign.com\/ca\/proyecto\/disseny-i-installacio-font-ornamental-placa-ramon-ayllon\/#primaryimage\",\"url\":\"https:\/\/www.otbwaterdesign.com\/wp-content\/uploads\/2024\/03\/IMG-20230919-WA0003.jpg\",\"contentUrl\":\"https:\/\/www.otbwaterdesign.com\/wp-content\/uploads\/2024\/03\/IMG-20230919-WA0003.jpg\",\"width\":1000,\"height\":450},{\"@type\":\"BreadcrumbList\",\"@id\":\"https:\/\/www.otbwaterdesign.com\/ca\/proyecto\/disseny-i-installacio-font-ornamental-placa-ramon-ayllon\/#breadcrumb\",\"itemListElement\":[{\"@type\":\"ListItem\",\"position\":1,\"name\":\"Portada\",\"item\":\"https:\/\/www.otbwaterdesign.com\/ca\/\"},{\"@type\":\"ListItem\",\"position\":2,\"name\":\"Disseny i Instal\u00b7laci\u00f3 Font Ornamental Pla\u00e7a Ram\u00f3n Ayll\u00f3n\"}]},{\"@type\":\"WebSite\",\"@id\":\"https:\/\/www.otbwaterdesign.com\/ca\/#website\",\"url\":\"https:\/\/www.otbwaterdesign.com\/ca\/\",\"name\":\"Oficina T\u00e9cnica Buigas\",\"description\":\"Fuentes Ornamentales OTB\",\"publisher\":{\"@id\":\"https:\/\/www.otbwaterdesign.com\/ca\/#organization\"},\"potentialAction\":[{\"@type\":\"SearchAction\",\"target\":{\"@type\":\"EntryPoint\",\"urlTemplate\":\"https:\/\/www.otbwaterdesign.com\/ca\/?s={search_term_string}\"},\"query-input\":\"required name=search_term_string\"}],\"inLanguage\":\"ca\"},{\"@type\":\"Organization\",\"@id\":\"https:\/\/www.otbwaterdesign.com\/ca\/#organization\",\"name\":\"Otb.es\",\"url\":\"https:\/\/www.otbwaterdesign.com\/ca\/\",\"logo\":{\"@type\":\"ImageObject\",\"inLanguage\":\"ca\",\"@id\":\"https:\/\/www.otbwaterdesign.com\/ca\/#\/schema\/logo\/image\/\",\"url\":\"https:\/\/www.otbwaterdesign.com\/wp-content\/uploads\/2020\/10\/OTB-Logo-2.png\",\"contentUrl\":\"https:\/\/www.otbwaterdesign.com\/wp-content\/uploads\/2020\/10\/OTB-Logo-2.png\",\"width\":216,\"height\":228,\"caption\":\"Otb.es\"},\"image\":{\"@id\":\"https:\/\/www.otbwaterdesign.com\/ca\/#\/schema\/logo\/image\/\"}}]}<\/script>\n<!-- \/ Yoast SEO Premium plugin. -->","yoast_head_json":{"title":"Disseny i Instal\u00b7laci\u00f3 Font Ornamental Pla\u00e7a Ram\u00f3n Ayll\u00f3n - Oficina T\u00e9cnica Buigas","robots":{"index":"noindex","follow":"follow"},"og_locale":"ca_ES","og_type":"article","og_title":"Disseny i Instal\u00b7laci\u00f3 Font Ornamental Pla\u00e7a Ram\u00f3n Ayll\u00f3n","og_description":"Disseny Aquesta font es va concebre per potenciar i mantenir la centralitat d&#8217;aquest \u00e0mbit urb\u00e0 mitjan\u00e7ant un element diferenciador que enriqueixi l&#8217;espai i serveixi per ordenar, articular i embellir la pla\u00e7a. L&#8217;estructura de la base \u00e9s robusta, amb un di\u00e0metre que proporciona un equilibri visual amb l&#8217;altura del broll. La caracter\u00edstica m\u00e9s destacada del projecte ... Read more","og_url":"https:\/\/www.otbwaterdesign.com\/ca\/proyecto\/disseny-i-installacio-font-ornamental-placa-ramon-ayllon\/","og_site_name":"Oficina T\u00e9cnica Buigas","og_image":[{"width":1000,"height":450,"url":"https:\/\/www.otbwaterdesign.com\/wp-content\/uploads\/2024\/03\/IMG-20230919-WA0003.jpg","type":"image\/jpeg"}],"twitter_card":"summary_large_image","twitter_misc":{"Temps estimat de lectura":"3 minuts"},"schema":{"@context":"https:\/\/schema.org","@graph":[{"@type":"WebPage","@id":"https:\/\/www.otbwaterdesign.com\/ca\/proyecto\/disseny-i-installacio-font-ornamental-placa-ramon-ayllon\/","url":"https:\/\/www.otbwaterdesign.com\/ca\/proyecto\/disseny-i-installacio-font-ornamental-placa-ramon-ayllon\/","name":"Disseny i Instal\u00b7laci\u00f3 Font Ornamental Pla\u00e7a Ram\u00f3n Ayll\u00f3n - Oficina T\u00e9cnica Buigas","isPartOf":{"@id":"https:\/\/www.otbwaterdesign.com\/ca\/#website"},"primaryImageOfPage":{"@id":"https:\/\/www.otbwaterdesign.com\/ca\/proyecto\/disseny-i-installacio-font-ornamental-placa-ramon-ayllon\/#primaryimage"},"image":{"@id":"https:\/\/www.otbwaterdesign.com\/ca\/proyecto\/disseny-i-installacio-font-ornamental-placa-ramon-ayllon\/#primaryimage"},"thumbnailUrl":"https:\/\/www.otbwaterdesign.com\/wp-content\/uploads\/2024\/03\/IMG-20230919-WA0003.jpg","datePublished":"2024-03-27T11:59:29+00:00","dateModified":"2024-03-27T11:59:29+00:00","breadcrumb":{"@id":"https:\/\/www.otbwaterdesign.com\/ca\/proyecto\/disseny-i-installacio-font-ornamental-placa-ramon-ayllon\/#breadcrumb"},"inLanguage":"ca","potentialAction":[{"@type":"ReadAction","target":["https:\/\/www.otbwaterdesign.com\/ca\/proyecto\/disseny-i-installacio-font-ornamental-placa-ramon-ayllon\/"]}]},{"@type":"ImageObject","inLanguage":"ca","@id":"https:\/\/www.otbwaterdesign.com\/ca\/proyecto\/disseny-i-installacio-font-ornamental-placa-ramon-ayllon\/#primaryimage","url":"https:\/\/www.otbwaterdesign.com\/wp-content\/uploads\/2024\/03\/IMG-20230919-WA0003.jpg","contentUrl":"https:\/\/www.otbwaterdesign.com\/wp-content\/uploads\/2024\/03\/IMG-20230919-WA0003.jpg","width":1000,"height":450},{"@type":"BreadcrumbList","@id":"https:\/\/www.otbwaterdesign.com\/ca\/proyecto\/disseny-i-installacio-font-ornamental-placa-ramon-ayllon\/#breadcrumb","itemListElement":[{"@type":"ListItem","position":1,"name":"Portada","item":"https:\/\/www.otbwaterdesign.com\/ca\/"},{"@type":"ListItem","position":2,"name":"Disseny i Instal\u00b7laci\u00f3 Font Ornamental Pla\u00e7a Ram\u00f3n Ayll\u00f3n"}]},{"@type":"WebSite","@id":"https:\/\/www.otbwaterdesign.com\/ca\/#website","url":"https:\/\/www.otbwaterdesign.com\/ca\/","name":"Oficina T\u00e9cnica Buigas","description":"Fuentes Ornamentales OTB","publisher":{"@id":"https:\/\/www.otbwaterdesign.com\/ca\/#organization"},"potentialAction":[{"@type":"SearchAction","target":{"@type":"EntryPoint","urlTemplate":"https:\/\/www.otbwaterdesign.com\/ca\/?s={search_term_string}"},"query-input":"required name=search_term_string"}],"inLanguage":"ca"},{"@type":"Organization","@id":"https:\/\/www.otbwaterdesign.com\/ca\/#organization","name":"Otb.es","url":"https:\/\/www.otbwaterdesign.com\/ca\/","logo":{"@type":"ImageObject","inLanguage":"ca","@id":"https:\/\/www.otbwaterdesign.com\/ca\/#\/schema\/logo\/image\/","url":"https:\/\/www.otbwaterdesign.com\/wp-content\/uploads\/2020\/10\/OTB-Logo-2.png","contentUrl":"https:\/\/www.otbwaterdesign.com\/wp-content\/uploads\/2020\/10\/OTB-Logo-2.png","width":216,"height":228,"caption":"Otb.es"},"image":{"@id":"https:\/\/www.otbwaterdesign.com\/ca\/#\/schema\/logo\/image\/"}}]}},"_links":{"self":[{"href":"https:\/\/www.otbwaterdesign.com\/ca\/wp-json\/wp\/v2\/proyecto\/11468"}],"collection":[{"href":"https:\/\/www.otbwaterdesign.com\/ca\/wp-json\/wp\/v2\/proyecto"}],"about":[{"href":"https:\/\/www.otbwaterdesign.com\/ca\/wp-json\/wp\/v2\/types\/proyecto"}],"version-history":[{"count":0,"href":"https:\/\/www.otbwaterdesign.com\/ca\/wp-json\/wp\/v2\/proyecto\/11468\/revisions"}],"wp:featuredmedia":[{"embeddable":true,"href":"https:\/\/www.otbwaterdesign.com\/ca\/wp-json\/wp\/v2\/media\/11464"}],"wp:attachment":[{"href":"https:\/\/www.otbwaterdesign.com\/ca\/wp-json\/wp\/v2\/media?parent=11468"}],"wp:term":[{"taxonomy":"category","embeddable":true,"href":"https:\/\/www.otbwaterdesign.com\/ca\/wp-json\/wp\/v2\/categories?post=11468"},{"taxonomy":"post_tag","embeddable":true,"href":"https:\/\/www.otbwaterdesign.com\/ca\/wp-json\/wp\/v2\/tags?post=11468"}],"curies":[{"name":"wp","href":"https:\/\/api.w.org\/{rel}","templated":true}]}}