{"id":7213,"date":"2023-09-06T07:54:24","date_gmt":"2023-09-06T07:54:24","guid":{"rendered":"https:\/\/www.otbwaterdesign.com\/proyecto\/installacio-i-disseny-font-transitable-de-la-placa-de-les-arenes\/"},"modified":"2023-09-06T07:54:25","modified_gmt":"2023-09-06T07:54:25","slug":"installacio-i-disseny-font-transitable-de-la-placa-de-les-arenes","status":"publish","type":"proyecto","link":"https:\/\/www.otbwaterdesign.com\/ca\/proyecto\/installacio-i-disseny-font-transitable-de-la-placa-de-les-arenes\/","title":{"rendered":"Instal\u00b7laci\u00f3 i Disseny Font Transitable de la Pla\u00e7a de les Arenes"},"content":{"rendered":"<h3><b>Disseny<\/b><\/h3>\n<p>La font es va dissenyar per situar-la en un espai circular amb seients i zones verdes al voltant formant un amfiteatre.<\/p>\n<p>La font m\u00e9s apropiada en aquest cas era una font transitable, ja que la seva configuraci\u00f3 deixa un espai di\u00e0fan que permet donar-li altres usos, com ara representacions, concerts o qualsevol altra activitat que calgui fer a la ciutat.<\/p>\n<p>La font es va concebre en forma de flor, amb sis sortidors verticals perimetrals a manera de p\u00e8tals i tres sortidors centrals m\u00e9s voluminosos, on els infants poden jugar amb diferents formes d&#8217;aigua.<\/p>\n<h3><b>Execuci\u00f3<\/b><\/h3>\n<p>La instal\u00b7laci\u00f3 dels equips i la programaci\u00f3 dels efectes de la font es van dur a terme en un termini de dos mesos i van incloure les accions seg\u00fcents:<\/p>\n<ul>\n<li>Instal\u00b7laci\u00f3 d&#8217;elements hidr\u00e0ulics i el\u00e8ctrics:<\/li>\n<\/ul>\n<ul>\n<li>Replantejament de la instal\u00b7laci\u00f3 <i>in situ<\/i>.<\/li>\n<li>Fabricaci\u00f3 de les instal\u00b7lacions amb les mides <i>ad hoc<\/i> necess\u00e0ries per a la nova font.<\/li>\n<li>Col\u00b7locaci\u00f3 de bombes i sortidors variables i verticals a les arquetes.<\/li>\n<li>Instal\u00b7laci\u00f3 del sistema de tractament d&#8217;aigua.<\/li>\n<li>Instal\u00b7laci\u00f3 de reixetes i focus led en cada sortidor.<\/li>\n<li>Muntatge dels elements a la sala t\u00e8cnica.<\/li>\n<\/ul>\n<ul>\n<li>Connexi\u00f3 i posada en marxa:<\/li>\n<\/ul>\n<ul>\n<li>Connexi\u00f3 dels sistemes al quadre el\u00e8ctric ubicat a la sala t\u00e8cnica.<\/li>\n<li>Programaci\u00f3 de la font mitjan\u00e7ant el programari de control Syncroshow\u00ae.<\/li>\n<li>Programaci\u00f3 dels elements de la font perqu\u00e8 s&#8217;activin segons les condicions hor\u00e0ries i clim\u00e0tiques.<\/li>\n<li>Regulaci\u00f3 de l&#8217;al\u00e7\u00e0ria dels sortidors en funci\u00f3 de la velocitat del vent fent servir un anem\u00f2metre.<\/li>\n<li>Comprovaci\u00f3 del control de l&#8217;estat de la font en temps real des de qualsevol dispositiu amb acc\u00e9s a internet.<\/li>\n<li>Proves i posada en marxa de la font un cop connectats tots els elements.<\/li>\n<\/ul>\n<h3><b>Sostenibilitat<\/b><\/h3>\n<p>A OTB, la sostenibilitat \u00e9s una prioritat en tots els nostres projectes. Utilitzem materials duradors i d&#8217;alta qualitat, com l&#8217;acer inoxidable i els materials IP68, per evitar que calgui reempla\u00e7ar-los sovint, cosa que, al seu torn, disminueix el consum de recursos i l&#8217;impacte ambiental.<\/p>\n<p>A m\u00e9s, ens centrem en l&#8217;efici\u00e8ncia energ\u00e8tica en fer servir focus led de baixa pot\u00e8ncia i ajustar la instal\u00b7laci\u00f3 perqu\u00e8 funcioni amb la m\u00ednima pot\u00e8ncia necess\u00e0ria sense comprometre&#8217;n el rendiment. Aix\u00f2 redueix el consum d&#8217;energia i les emissions de carboni, i alhora representa un estalvi a llarg termini.<\/p>\n<p>Pel que fa a l&#8217;aigua, instal\u00b7lem un sistema de tractament que ens permet utilitzar-la en circuit tancat. Aix\u00ed, en recircular-la en lloc de rebutjar-la cont\u00ednuament, limitem el consum d&#8217;aigua i la mantenim en unes condicions \u00f2ptimes de qualitat. D&#8217;aquesta manera es minimitza el malbaratament i es limita la demanda de recursos h\u00eddrics.<\/p>\n<p>En resum, a OTB adoptem criteris de sostenibilitat a l&#8217;hora de triar els materials, promovem l&#8217;efici\u00e8ncia energ\u00e8tica i gestionem responsablement l&#8217;aigua. Aquestes accions demostren el nostre comprom\u00eds amb la protecci\u00f3 del medi ambient i l&#8217;optimitzaci\u00f3 dels recursos, cosa que contribueix a un futur m\u00e9s sostenible.<\/p>\n","protected":false},"featured_media":7106,"template":"","meta":{"_acf_changed":false},"categories":[72],"tags":[],"acf":[],"yoast_head":"<!-- This site is optimized with the Yoast SEO Premium plugin v22.5 (Yoast SEO v22.5) - https:\/\/yoast.com\/wordpress\/plugins\/seo\/ -->\n<title>Instal\u00b7laci\u00f3 i Disseny Font Transitable de la Pla\u00e7a de les Arenes - Oficina T\u00e9cnica Buigas<\/title>\n<meta name=\"robots\" content=\"noindex, follow\" \/>\n<meta property=\"og:locale\" content=\"ca_ES\" \/>\n<meta property=\"og:type\" content=\"article\" \/>\n<meta property=\"og:title\" content=\"Instal\u00b7laci\u00f3 i Disseny Font Transitable de la Pla\u00e7a de les Arenes\" \/>\n<meta property=\"og:description\" content=\"Disseny La font es va dissenyar per situar-la en un espai circular amb seients i zones verdes al voltant formant un amfiteatre. La font m\u00e9s apropiada en aquest cas era una font transitable, ja que la seva configuraci\u00f3 deixa un espai di\u00e0fan que permet donar-li altres usos, com ara representacions, concerts o qualsevol altra activitat ... Read more\" \/>\n<meta property=\"og:url\" content=\"https:\/\/www.otbwaterdesign.com\/ca\/proyecto\/installacio-i-disseny-font-transitable-de-la-placa-de-les-arenes\/\" \/>\n<meta property=\"og:site_name\" content=\"Oficina T\u00e9cnica Buigas\" \/>\n<meta property=\"article:modified_time\" content=\"2023-09-06T07:54:25+00:00\" \/>\n<meta property=\"og:image\" content=\"https:\/\/www.otbwaterdesign.com\/wp-content\/uploads\/2023\/09\/Fuente-transitable.jpg\" \/>\n\t<meta property=\"og:image:width\" content=\"1700\" \/>\n\t<meta property=\"og:image:height\" content=\"1135\" \/>\n\t<meta property=\"og:image:type\" content=\"image\/jpeg\" \/>\n<meta name=\"twitter:card\" content=\"summary_large_image\" \/>\n<meta name=\"twitter:label1\" content=\"Temps estimat de lectura\" \/>\n\t<meta name=\"twitter:data1\" content=\"3 minuts\" \/>\n<script type=\"application\/ld+json\" class=\"yoast-schema-graph\">{\"@context\":\"https:\/\/schema.org\",\"@graph\":[{\"@type\":\"WebPage\",\"@id\":\"https:\/\/www.otbwaterdesign.com\/ca\/proyecto\/installacio-i-disseny-font-transitable-de-la-placa-de-les-arenes\/\",\"url\":\"https:\/\/www.otbwaterdesign.com\/ca\/proyecto\/installacio-i-disseny-font-transitable-de-la-placa-de-les-arenes\/\",\"name\":\"Instal\u00b7laci\u00f3 i Disseny Font Transitable de la Pla\u00e7a de les Arenes - Oficina T\u00e9cnica Buigas\",\"isPartOf\":{\"@id\":\"https:\/\/www.otbwaterdesign.com\/ca\/#website\"},\"primaryImageOfPage\":{\"@id\":\"https:\/\/www.otbwaterdesign.com\/ca\/proyecto\/installacio-i-disseny-font-transitable-de-la-placa-de-les-arenes\/#primaryimage\"},\"image\":{\"@id\":\"https:\/\/www.otbwaterdesign.com\/ca\/proyecto\/installacio-i-disseny-font-transitable-de-la-placa-de-les-arenes\/#primaryimage\"},\"thumbnailUrl\":\"https:\/\/www.otbwaterdesign.com\/wp-content\/uploads\/2023\/09\/Fuente-transitable.jpg\",\"datePublished\":\"2023-09-06T07:54:24+00:00\",\"dateModified\":\"2023-09-06T07:54:25+00:00\",\"breadcrumb\":{\"@id\":\"https:\/\/www.otbwaterdesign.com\/ca\/proyecto\/installacio-i-disseny-font-transitable-de-la-placa-de-les-arenes\/#breadcrumb\"},\"inLanguage\":\"ca\",\"potentialAction\":[{\"@type\":\"ReadAction\",\"target\":[\"https:\/\/www.otbwaterdesign.com\/ca\/proyecto\/installacio-i-disseny-font-transitable-de-la-placa-de-les-arenes\/\"]}]},{\"@type\":\"ImageObject\",\"inLanguage\":\"ca\",\"@id\":\"https:\/\/www.otbwaterdesign.com\/ca\/proyecto\/installacio-i-disseny-font-transitable-de-la-placa-de-les-arenes\/#primaryimage\",\"url\":\"https:\/\/www.otbwaterdesign.com\/wp-content\/uploads\/2023\/09\/Fuente-transitable.jpg\",\"contentUrl\":\"https:\/\/www.otbwaterdesign.com\/wp-content\/uploads\/2023\/09\/Fuente-transitable.jpg\",\"width\":1700,\"height\":1135},{\"@type\":\"BreadcrumbList\",\"@id\":\"https:\/\/www.otbwaterdesign.com\/ca\/proyecto\/installacio-i-disseny-font-transitable-de-la-placa-de-les-arenes\/#breadcrumb\",\"itemListElement\":[{\"@type\":\"ListItem\",\"position\":1,\"name\":\"Portada\",\"item\":\"https:\/\/www.otbwaterdesign.com\/ca\/\"},{\"@type\":\"ListItem\",\"position\":2,\"name\":\"Instal\u00b7laci\u00f3 i Disseny Font Transitable de la Pla\u00e7a de les Arenes\"}]},{\"@type\":\"WebSite\",\"@id\":\"https:\/\/www.otbwaterdesign.com\/ca\/#website\",\"url\":\"https:\/\/www.otbwaterdesign.com\/ca\/\",\"name\":\"Oficina T\u00e9cnica Buigas\",\"description\":\"Fuentes Ornamentales OTB\",\"publisher\":{\"@id\":\"https:\/\/www.otbwaterdesign.com\/ca\/#organization\"},\"potentialAction\":[{\"@type\":\"SearchAction\",\"target\":{\"@type\":\"EntryPoint\",\"urlTemplate\":\"https:\/\/www.otbwaterdesign.com\/ca\/?s={search_term_string}\"},\"query-input\":\"required name=search_term_string\"}],\"inLanguage\":\"ca\"},{\"@type\":\"Organization\",\"@id\":\"https:\/\/www.otbwaterdesign.com\/ca\/#organization\",\"name\":\"Otb.es\",\"url\":\"https:\/\/www.otbwaterdesign.com\/ca\/\",\"logo\":{\"@type\":\"ImageObject\",\"inLanguage\":\"ca\",\"@id\":\"https:\/\/www.otbwaterdesign.com\/ca\/#\/schema\/logo\/image\/\",\"url\":\"https:\/\/www.otbwaterdesign.com\/wp-content\/uploads\/2020\/10\/OTB-Logo-2.png\",\"contentUrl\":\"https:\/\/www.otbwaterdesign.com\/wp-content\/uploads\/2020\/10\/OTB-Logo-2.png\",\"width\":216,\"height\":228,\"caption\":\"Otb.es\"},\"image\":{\"@id\":\"https:\/\/www.otbwaterdesign.com\/ca\/#\/schema\/logo\/image\/\"}}]}<\/script>\n<!-- \/ Yoast SEO Premium plugin. -->","yoast_head_json":{"title":"Instal\u00b7laci\u00f3 i Disseny Font Transitable de la Pla\u00e7a de les Arenes - Oficina T\u00e9cnica Buigas","robots":{"index":"noindex","follow":"follow"},"og_locale":"ca_ES","og_type":"article","og_title":"Instal\u00b7laci\u00f3 i Disseny Font Transitable de la Pla\u00e7a de les Arenes","og_description":"Disseny La font es va dissenyar per situar-la en un espai circular amb seients i zones verdes al voltant formant un amfiteatre. La font m\u00e9s apropiada en aquest cas era una font transitable, ja que la seva configuraci\u00f3 deixa un espai di\u00e0fan que permet donar-li altres usos, com ara representacions, concerts o qualsevol altra activitat ... Read more","og_url":"https:\/\/www.otbwaterdesign.com\/ca\/proyecto\/installacio-i-disseny-font-transitable-de-la-placa-de-les-arenes\/","og_site_name":"Oficina T\u00e9cnica Buigas","article_modified_time":"2023-09-06T07:54:25+00:00","og_image":[{"width":1700,"height":1135,"url":"https:\/\/www.otbwaterdesign.com\/wp-content\/uploads\/2023\/09\/Fuente-transitable.jpg","type":"image\/jpeg"}],"twitter_card":"summary_large_image","twitter_misc":{"Temps estimat de lectura":"3 minuts"},"schema":{"@context":"https:\/\/schema.org","@graph":[{"@type":"WebPage","@id":"https:\/\/www.otbwaterdesign.com\/ca\/proyecto\/installacio-i-disseny-font-transitable-de-la-placa-de-les-arenes\/","url":"https:\/\/www.otbwaterdesign.com\/ca\/proyecto\/installacio-i-disseny-font-transitable-de-la-placa-de-les-arenes\/","name":"Instal\u00b7laci\u00f3 i Disseny Font Transitable de la Pla\u00e7a de les Arenes - Oficina T\u00e9cnica Buigas","isPartOf":{"@id":"https:\/\/www.otbwaterdesign.com\/ca\/#website"},"primaryImageOfPage":{"@id":"https:\/\/www.otbwaterdesign.com\/ca\/proyecto\/installacio-i-disseny-font-transitable-de-la-placa-de-les-arenes\/#primaryimage"},"image":{"@id":"https:\/\/www.otbwaterdesign.com\/ca\/proyecto\/installacio-i-disseny-font-transitable-de-la-placa-de-les-arenes\/#primaryimage"},"thumbnailUrl":"https:\/\/www.otbwaterdesign.com\/wp-content\/uploads\/2023\/09\/Fuente-transitable.jpg","datePublished":"2023-09-06T07:54:24+00:00","dateModified":"2023-09-06T07:54:25+00:00","breadcrumb":{"@id":"https:\/\/www.otbwaterdesign.com\/ca\/proyecto\/installacio-i-disseny-font-transitable-de-la-placa-de-les-arenes\/#breadcrumb"},"inLanguage":"ca","potentialAction":[{"@type":"ReadAction","target":["https:\/\/www.otbwaterdesign.com\/ca\/proyecto\/installacio-i-disseny-font-transitable-de-la-placa-de-les-arenes\/"]}]},{"@type":"ImageObject","inLanguage":"ca","@id":"https:\/\/www.otbwaterdesign.com\/ca\/proyecto\/installacio-i-disseny-font-transitable-de-la-placa-de-les-arenes\/#primaryimage","url":"https:\/\/www.otbwaterdesign.com\/wp-content\/uploads\/2023\/09\/Fuente-transitable.jpg","contentUrl":"https:\/\/www.otbwaterdesign.com\/wp-content\/uploads\/2023\/09\/Fuente-transitable.jpg","width":1700,"height":1135},{"@type":"BreadcrumbList","@id":"https:\/\/www.otbwaterdesign.com\/ca\/proyecto\/installacio-i-disseny-font-transitable-de-la-placa-de-les-arenes\/#breadcrumb","itemListElement":[{"@type":"ListItem","position":1,"name":"Portada","item":"https:\/\/www.otbwaterdesign.com\/ca\/"},{"@type":"ListItem","position":2,"name":"Instal\u00b7laci\u00f3 i Disseny Font Transitable de la Pla\u00e7a de les Arenes"}]},{"@type":"WebSite","@id":"https:\/\/www.otbwaterdesign.com\/ca\/#website","url":"https:\/\/www.otbwaterdesign.com\/ca\/","name":"Oficina T\u00e9cnica Buigas","description":"Fuentes Ornamentales OTB","publisher":{"@id":"https:\/\/www.otbwaterdesign.com\/ca\/#organization"},"potentialAction":[{"@type":"SearchAction","target":{"@type":"EntryPoint","urlTemplate":"https:\/\/www.otbwaterdesign.com\/ca\/?s={search_term_string}"},"query-input":"required name=search_term_string"}],"inLanguage":"ca"},{"@type":"Organization","@id":"https:\/\/www.otbwaterdesign.com\/ca\/#organization","name":"Otb.es","url":"https:\/\/www.otbwaterdesign.com\/ca\/","logo":{"@type":"ImageObject","inLanguage":"ca","@id":"https:\/\/www.otbwaterdesign.com\/ca\/#\/schema\/logo\/image\/","url":"https:\/\/www.otbwaterdesign.com\/wp-content\/uploads\/2020\/10\/OTB-Logo-2.png","contentUrl":"https:\/\/www.otbwaterdesign.com\/wp-content\/uploads\/2020\/10\/OTB-Logo-2.png","width":216,"height":228,"caption":"Otb.es"},"image":{"@id":"https:\/\/www.otbwaterdesign.com\/ca\/#\/schema\/logo\/image\/"}}]}},"_links":{"self":[{"href":"https:\/\/www.otbwaterdesign.com\/ca\/wp-json\/wp\/v2\/proyecto\/7213"}],"collection":[{"href":"https:\/\/www.otbwaterdesign.com\/ca\/wp-json\/wp\/v2\/proyecto"}],"about":[{"href":"https:\/\/www.otbwaterdesign.com\/ca\/wp-json\/wp\/v2\/types\/proyecto"}],"version-history":[{"count":1,"href":"https:\/\/www.otbwaterdesign.com\/ca\/wp-json\/wp\/v2\/proyecto\/7213\/revisions"}],"predecessor-version":[{"id":7214,"href":"https:\/\/www.otbwaterdesign.com\/ca\/wp-json\/wp\/v2\/proyecto\/7213\/revisions\/7214"}],"wp:featuredmedia":[{"embeddable":true,"href":"https:\/\/www.otbwaterdesign.com\/ca\/wp-json\/wp\/v2\/media\/7106"}],"wp:attachment":[{"href":"https:\/\/www.otbwaterdesign.com\/ca\/wp-json\/wp\/v2\/media?parent=7213"}],"wp:term":[{"taxonomy":"category","embeddable":true,"href":"https:\/\/www.otbwaterdesign.com\/ca\/wp-json\/wp\/v2\/categories?post=7213"},{"taxonomy":"post_tag","embeddable":true,"href":"https:\/\/www.otbwaterdesign.com\/ca\/wp-json\/wp\/v2\/tags?post=7213"}],"curies":[{"name":"wp","href":"https:\/\/api.w.org\/{rel}","templated":true}]}}