{"id":7219,"date":"2023-09-06T08:07:49","date_gmt":"2023-09-06T08:07:49","guid":{"rendered":"https:\/\/www.otbwaterdesign.com\/proyecto\/installacio-i-disseny-font-lamina-daigua-a-lespai-caleit\/"},"modified":"2023-11-20T09:20:20","modified_gmt":"2023-11-20T09:20:20","slug":"installacio-i-disseny-font-lamina-daigua-a-lespai-caleit","status":"publish","type":"proyecto","link":"https:\/\/www.otbwaterdesign.com\/ca\/proyecto\/installacio-i-disseny-font-lamina-daigua-a-lespai-caleit\/","title":{"rendered":"Instal\u00b7laci\u00f3 i Disseny Font L\u00e0mina d&#8217;aigua a l&#8217;Espai Cale\u00eft"},"content":{"rendered":"<h3><b>Disseny<\/b><\/h3>\n<p>Les fonts se situen al costat de les escales que uneixen els dos nivells del centre comercial, per aquest motiu es va decidir construir unes cascades de marbre entre les escales i els portatestos, tamb\u00e9 esglaonats, que les acompanyen.<\/p>\n<p>Com que no tots els graons de les cascades tenen la mateixa mida a causa de les escales, els leds es distribueixen de diferents maneres als laterals de les cascades, i sol haver-n&#8217;hi un en cada gra\u00f3.<\/p>\n<p>La pres\u00e8ncia de la vegetaci\u00f3 dels testos i el so de l&#8217;aigua transformen el centre comercial en un espai m\u00e9s biof\u00edlic i, per tant, m\u00e9s agradable per a qui hi passeja.<\/p>\n<h3><b>Execuci\u00f3<\/b><\/h3>\n<p>Per construir les cascades es van haver de coordinar les fases d&#8217;instal\u00b7laci\u00f3 i obra civil.<\/p>\n<ul>\n<li>Obra civil:<\/li>\n<\/ul>\n<p>Es van fer les escales, es van impermeabilitzar i es van recobrir els canals per a les tres cascades de manera independent. A m\u00e9s, es va deixar el pas de tubs per a la il\u00b7luminaci\u00f3, la impulsi\u00f3, el desgu\u00e0s i el sobreeixidor.<\/p>\n<ul>\n<li>Instal\u00b7laci\u00f3 d&#8217;elements hidr\u00e0ulics i el\u00e8ctrics:<\/li>\n<\/ul>\n<p>El gros de les tasques d&#8217;aquesta part es va dur a terme a les sales de m\u00e0quines, on es van muntar els dip\u00f2sits de compensaci\u00f3, els circuits hidr\u00e0ulics de connexi\u00f3 i recirculaci\u00f3, els sistemes de tractament d&#8217;aigua i els quadres el\u00e8ctrics.<\/p>\n<p>A l&#8217;exterior es van col\u00b7locar els leds, el col\u00b7lector d&#8217;impulsi\u00f3 i el sobreeixidor.<\/p>\n<ul>\n<li>Connexi\u00f3 i posada en marxa:<\/li>\n<\/ul>\n<p>Un cop instal\u00b7lats correctament els elements, es van fer les connexions el\u00e8ctriques de tots els equips al quadre de control situat a la sala t\u00e8cnica. Aquest quadre est\u00e0 equipat amb el nostre programari de control Syncroshow\u00ae, desenvolupat i millorat al llarg dels \u00faltims vint anys i amb el qual es pot controlar l&#8217;estat de la font en cada moment des de qualsevol dispositiu amb acc\u00e9s a internet.<\/p>\n<p>Gr\u00e0cies a aquest programari es programen tots els elements de la font per tal que funcionin segons les condicions hor\u00e0ries o climatol\u00f2giques, o b\u00e9 segons les prefer\u00e8ncies del client.<\/p>\n<p>El programari t\u00e9 un disseny molt intu\u00eftiu que permet modificar els par\u00e0metres f\u00e0cilment durant el manteniment.<\/p>\n<p>Un cop connectats tots els elements i programats els par\u00e0metres espec\u00edfics del funcionament es fan les proves per a la posada en marxa.<\/p>\n<h3><b>Sostenibilitat<\/b><\/h3>\n<p>Aquest projecte s\u2019ha elaborat seguint els criteris de sostenibilitat europeus. \u00c9s una soluci\u00f3 t\u00e8cnica fiable, en la qual destaca la instal\u00b7laci\u00f3 de materials robustos i de primera qualitat, com s\u00f3n l&#8217;\u00fas de l&#8217;acer inoxidable per als sistemes hidr\u00e0ulics.<\/p>\n<p>Est\u00e0 dissenyat per aprofitar amb la m\u00e0xima efic\u00e0cia tots els recursos que requereix el seu funcionament. La instal\u00b7laci\u00f3 de focus led de baixa pot\u00e8ncia \u00e9s una de les f\u00f3rmules per millorar l\u2019efici\u00e8ncia de la font.<\/p>\n<p>El sistema de tractament d&#8217;aigua permet reutilitzar-la i aix\u00ed disminuir-ne significativament el consum, que es limita a aportacions si hi ha p\u00e8rdues per evaporaci\u00f3 i substitucions parcials per al manteniment de la instal\u00b7laci\u00f3. En tot cas, sempre preval la seguretat i la qualitat de l&#8217;aigua.<\/p>\n","protected":false},"featured_media":7149,"template":"","meta":{"_acf_changed":false},"categories":[72],"tags":[],"acf":[],"yoast_head":"<!-- This site is optimized with the Yoast SEO Premium plugin v22.5 (Yoast SEO v22.5) - https:\/\/yoast.com\/wordpress\/plugins\/seo\/ -->\n<title>Instal\u00b7laci\u00f3 i Disseny Font L\u00e0mina d&#039;aigua a l&#039;Espai Cale\u00eft - Oficina T\u00e9cnica Buigas<\/title>\n<meta name=\"robots\" content=\"index, follow, max-snippet:-1, max-image-preview:large, max-video-preview:-1\" \/>\n<link rel=\"canonical\" href=\"https:\/\/www.otbwaterdesign.com\/ca\/proyecto\/installacio-i-disseny-font-lamina-daigua-a-lespai-caleit\/\" \/>\n<meta property=\"og:locale\" content=\"ca_ES\" \/>\n<meta property=\"og:type\" content=\"article\" \/>\n<meta property=\"og:title\" content=\"Instal\u00b7laci\u00f3 i Disseny Font L\u00e0mina d&#039;aigua a l&#039;Espai Cale\u00eft\" \/>\n<meta property=\"og:description\" content=\"Disseny Les fonts se situen al costat de les escales que uneixen els dos nivells del centre comercial, per aquest motiu es va decidir construir unes cascades de marbre entre les escales i els portatestos, tamb\u00e9 esglaonats, que les acompanyen. Com que no tots els graons de les cascades tenen la mateixa mida a causa ... Read more\" \/>\n<meta property=\"og:url\" content=\"https:\/\/www.otbwaterdesign.com\/ca\/proyecto\/installacio-i-disseny-font-lamina-daigua-a-lespai-caleit\/\" \/>\n<meta property=\"og:site_name\" content=\"Oficina T\u00e9cnica Buigas\" \/>\n<meta property=\"article:modified_time\" content=\"2023-11-20T09:20:20+00:00\" \/>\n<meta property=\"og:image\" content=\"https:\/\/www.otbwaterdesign.com\/wp-content\/uploads\/2023\/09\/Laminas-de-agua-Espacio-Caleido.jpg\" \/>\n\t<meta property=\"og:image:width\" content=\"1702\" \/>\n\t<meta property=\"og:image:height\" content=\"956\" \/>\n\t<meta property=\"og:image:type\" content=\"image\/jpeg\" \/>\n<meta name=\"twitter:card\" content=\"summary_large_image\" \/>\n<meta name=\"twitter:label1\" content=\"Temps estimat de lectura\" \/>\n\t<meta name=\"twitter:data1\" content=\"3 minuts\" \/>\n<script type=\"application\/ld+json\" class=\"yoast-schema-graph\">{\"@context\":\"https:\/\/schema.org\",\"@graph\":[{\"@type\":\"WebPage\",\"@id\":\"https:\/\/www.otbwaterdesign.com\/ca\/proyecto\/installacio-i-disseny-font-lamina-daigua-a-lespai-caleit\/\",\"url\":\"https:\/\/www.otbwaterdesign.com\/ca\/proyecto\/installacio-i-disseny-font-lamina-daigua-a-lespai-caleit\/\",\"name\":\"Instal\u00b7laci\u00f3 i Disseny Font L\u00e0mina d'aigua a l'Espai Cale\u00eft - Oficina T\u00e9cnica Buigas\",\"isPartOf\":{\"@id\":\"https:\/\/www.otbwaterdesign.com\/ca\/#website\"},\"primaryImageOfPage\":{\"@id\":\"https:\/\/www.otbwaterdesign.com\/ca\/proyecto\/installacio-i-disseny-font-lamina-daigua-a-lespai-caleit\/#primaryimage\"},\"image\":{\"@id\":\"https:\/\/www.otbwaterdesign.com\/ca\/proyecto\/installacio-i-disseny-font-lamina-daigua-a-lespai-caleit\/#primaryimage\"},\"thumbnailUrl\":\"https:\/\/www.otbwaterdesign.com\/wp-content\/uploads\/2023\/09\/Laminas-de-agua-Espacio-Caleido.jpg\",\"datePublished\":\"2023-09-06T08:07:49+00:00\",\"dateModified\":\"2023-11-20T09:20:20+00:00\",\"breadcrumb\":{\"@id\":\"https:\/\/www.otbwaterdesign.com\/ca\/proyecto\/installacio-i-disseny-font-lamina-daigua-a-lespai-caleit\/#breadcrumb\"},\"inLanguage\":\"ca\",\"potentialAction\":[{\"@type\":\"ReadAction\",\"target\":[\"https:\/\/www.otbwaterdesign.com\/ca\/proyecto\/installacio-i-disseny-font-lamina-daigua-a-lespai-caleit\/\"]}]},{\"@type\":\"ImageObject\",\"inLanguage\":\"ca\",\"@id\":\"https:\/\/www.otbwaterdesign.com\/ca\/proyecto\/installacio-i-disseny-font-lamina-daigua-a-lespai-caleit\/#primaryimage\",\"url\":\"https:\/\/www.otbwaterdesign.com\/wp-content\/uploads\/2023\/09\/Laminas-de-agua-Espacio-Caleido.jpg\",\"contentUrl\":\"https:\/\/www.otbwaterdesign.com\/wp-content\/uploads\/2023\/09\/Laminas-de-agua-Espacio-Caleido.jpg\",\"width\":1702,\"height\":956},{\"@type\":\"BreadcrumbList\",\"@id\":\"https:\/\/www.otbwaterdesign.com\/ca\/proyecto\/installacio-i-disseny-font-lamina-daigua-a-lespai-caleit\/#breadcrumb\",\"itemListElement\":[{\"@type\":\"ListItem\",\"position\":1,\"name\":\"Portada\",\"item\":\"https:\/\/www.otbwaterdesign.com\/ca\/\"},{\"@type\":\"ListItem\",\"position\":2,\"name\":\"Instal\u00b7laci\u00f3 i Disseny Font L\u00e0mina d&#8217;aigua a l&#8217;Espai Cale\u00eft\"}]},{\"@type\":\"WebSite\",\"@id\":\"https:\/\/www.otbwaterdesign.com\/ca\/#website\",\"url\":\"https:\/\/www.otbwaterdesign.com\/ca\/\",\"name\":\"Oficina T\u00e9cnica Buigas\",\"description\":\"Fuentes Ornamentales OTB\",\"publisher\":{\"@id\":\"https:\/\/www.otbwaterdesign.com\/ca\/#organization\"},\"potentialAction\":[{\"@type\":\"SearchAction\",\"target\":{\"@type\":\"EntryPoint\",\"urlTemplate\":\"https:\/\/www.otbwaterdesign.com\/ca\/?s={search_term_string}\"},\"query-input\":\"required name=search_term_string\"}],\"inLanguage\":\"ca\"},{\"@type\":\"Organization\",\"@id\":\"https:\/\/www.otbwaterdesign.com\/ca\/#organization\",\"name\":\"Otb.es\",\"url\":\"https:\/\/www.otbwaterdesign.com\/ca\/\",\"logo\":{\"@type\":\"ImageObject\",\"inLanguage\":\"ca\",\"@id\":\"https:\/\/www.otbwaterdesign.com\/ca\/#\/schema\/logo\/image\/\",\"url\":\"https:\/\/www.otbwaterdesign.com\/wp-content\/uploads\/2020\/10\/OTB-Logo-2.png\",\"contentUrl\":\"https:\/\/www.otbwaterdesign.com\/wp-content\/uploads\/2020\/10\/OTB-Logo-2.png\",\"width\":216,\"height\":228,\"caption\":\"Otb.es\"},\"image\":{\"@id\":\"https:\/\/www.otbwaterdesign.com\/ca\/#\/schema\/logo\/image\/\"}}]}<\/script>\n<!-- \/ Yoast SEO Premium plugin. -->","yoast_head_json":{"title":"Instal\u00b7laci\u00f3 i Disseny Font L\u00e0mina d'aigua a l'Espai Cale\u00eft - Oficina T\u00e9cnica Buigas","robots":{"index":"index","follow":"follow","max-snippet":"max-snippet:-1","max-image-preview":"max-image-preview:large","max-video-preview":"max-video-preview:-1"},"canonical":"https:\/\/www.otbwaterdesign.com\/ca\/proyecto\/installacio-i-disseny-font-lamina-daigua-a-lespai-caleit\/","og_locale":"ca_ES","og_type":"article","og_title":"Instal\u00b7laci\u00f3 i Disseny Font L\u00e0mina d'aigua a l'Espai Cale\u00eft","og_description":"Disseny Les fonts se situen al costat de les escales que uneixen els dos nivells del centre comercial, per aquest motiu es va decidir construir unes cascades de marbre entre les escales i els portatestos, tamb\u00e9 esglaonats, que les acompanyen. Com que no tots els graons de les cascades tenen la mateixa mida a causa ... Read more","og_url":"https:\/\/www.otbwaterdesign.com\/ca\/proyecto\/installacio-i-disseny-font-lamina-daigua-a-lespai-caleit\/","og_site_name":"Oficina T\u00e9cnica Buigas","article_modified_time":"2023-11-20T09:20:20+00:00","og_image":[{"width":1702,"height":956,"url":"https:\/\/www.otbwaterdesign.com\/wp-content\/uploads\/2023\/09\/Laminas-de-agua-Espacio-Caleido.jpg","type":"image\/jpeg"}],"twitter_card":"summary_large_image","twitter_misc":{"Temps estimat de lectura":"3 minuts"},"schema":{"@context":"https:\/\/schema.org","@graph":[{"@type":"WebPage","@id":"https:\/\/www.otbwaterdesign.com\/ca\/proyecto\/installacio-i-disseny-font-lamina-daigua-a-lespai-caleit\/","url":"https:\/\/www.otbwaterdesign.com\/ca\/proyecto\/installacio-i-disseny-font-lamina-daigua-a-lespai-caleit\/","name":"Instal\u00b7laci\u00f3 i Disseny Font L\u00e0mina d'aigua a l'Espai Cale\u00eft - Oficina T\u00e9cnica Buigas","isPartOf":{"@id":"https:\/\/www.otbwaterdesign.com\/ca\/#website"},"primaryImageOfPage":{"@id":"https:\/\/www.otbwaterdesign.com\/ca\/proyecto\/installacio-i-disseny-font-lamina-daigua-a-lespai-caleit\/#primaryimage"},"image":{"@id":"https:\/\/www.otbwaterdesign.com\/ca\/proyecto\/installacio-i-disseny-font-lamina-daigua-a-lespai-caleit\/#primaryimage"},"thumbnailUrl":"https:\/\/www.otbwaterdesign.com\/wp-content\/uploads\/2023\/09\/Laminas-de-agua-Espacio-Caleido.jpg","datePublished":"2023-09-06T08:07:49+00:00","dateModified":"2023-11-20T09:20:20+00:00","breadcrumb":{"@id":"https:\/\/www.otbwaterdesign.com\/ca\/proyecto\/installacio-i-disseny-font-lamina-daigua-a-lespai-caleit\/#breadcrumb"},"inLanguage":"ca","potentialAction":[{"@type":"ReadAction","target":["https:\/\/www.otbwaterdesign.com\/ca\/proyecto\/installacio-i-disseny-font-lamina-daigua-a-lespai-caleit\/"]}]},{"@type":"ImageObject","inLanguage":"ca","@id":"https:\/\/www.otbwaterdesign.com\/ca\/proyecto\/installacio-i-disseny-font-lamina-daigua-a-lespai-caleit\/#primaryimage","url":"https:\/\/www.otbwaterdesign.com\/wp-content\/uploads\/2023\/09\/Laminas-de-agua-Espacio-Caleido.jpg","contentUrl":"https:\/\/www.otbwaterdesign.com\/wp-content\/uploads\/2023\/09\/Laminas-de-agua-Espacio-Caleido.jpg","width":1702,"height":956},{"@type":"BreadcrumbList","@id":"https:\/\/www.otbwaterdesign.com\/ca\/proyecto\/installacio-i-disseny-font-lamina-daigua-a-lespai-caleit\/#breadcrumb","itemListElement":[{"@type":"ListItem","position":1,"name":"Portada","item":"https:\/\/www.otbwaterdesign.com\/ca\/"},{"@type":"ListItem","position":2,"name":"Instal\u00b7laci\u00f3 i Disseny Font L\u00e0mina d&#8217;aigua a l&#8217;Espai Cale\u00eft"}]},{"@type":"WebSite","@id":"https:\/\/www.otbwaterdesign.com\/ca\/#website","url":"https:\/\/www.otbwaterdesign.com\/ca\/","name":"Oficina T\u00e9cnica Buigas","description":"Fuentes Ornamentales OTB","publisher":{"@id":"https:\/\/www.otbwaterdesign.com\/ca\/#organization"},"potentialAction":[{"@type":"SearchAction","target":{"@type":"EntryPoint","urlTemplate":"https:\/\/www.otbwaterdesign.com\/ca\/?s={search_term_string}"},"query-input":"required name=search_term_string"}],"inLanguage":"ca"},{"@type":"Organization","@id":"https:\/\/www.otbwaterdesign.com\/ca\/#organization","name":"Otb.es","url":"https:\/\/www.otbwaterdesign.com\/ca\/","logo":{"@type":"ImageObject","inLanguage":"ca","@id":"https:\/\/www.otbwaterdesign.com\/ca\/#\/schema\/logo\/image\/","url":"https:\/\/www.otbwaterdesign.com\/wp-content\/uploads\/2020\/10\/OTB-Logo-2.png","contentUrl":"https:\/\/www.otbwaterdesign.com\/wp-content\/uploads\/2020\/10\/OTB-Logo-2.png","width":216,"height":228,"caption":"Otb.es"},"image":{"@id":"https:\/\/www.otbwaterdesign.com\/ca\/#\/schema\/logo\/image\/"}}]}},"_links":{"self":[{"href":"https:\/\/www.otbwaterdesign.com\/ca\/wp-json\/wp\/v2\/proyecto\/7219"}],"collection":[{"href":"https:\/\/www.otbwaterdesign.com\/ca\/wp-json\/wp\/v2\/proyecto"}],"about":[{"href":"https:\/\/www.otbwaterdesign.com\/ca\/wp-json\/wp\/v2\/types\/proyecto"}],"version-history":[{"count":1,"href":"https:\/\/www.otbwaterdesign.com\/ca\/wp-json\/wp\/v2\/proyecto\/7219\/revisions"}],"predecessor-version":[{"id":7220,"href":"https:\/\/www.otbwaterdesign.com\/ca\/wp-json\/wp\/v2\/proyecto\/7219\/revisions\/7220"}],"wp:featuredmedia":[{"embeddable":true,"href":"https:\/\/www.otbwaterdesign.com\/ca\/wp-json\/wp\/v2\/media\/7149"}],"wp:attachment":[{"href":"https:\/\/www.otbwaterdesign.com\/ca\/wp-json\/wp\/v2\/media?parent=7219"}],"wp:term":[{"taxonomy":"category","embeddable":true,"href":"https:\/\/www.otbwaterdesign.com\/ca\/wp-json\/wp\/v2\/categories?post=7219"},{"taxonomy":"post_tag","embeddable":true,"href":"https:\/\/www.otbwaterdesign.com\/ca\/wp-json\/wp\/v2\/tags?post=7219"}],"curies":[{"name":"wp","href":"https:\/\/api.w.org\/{rel}","templated":true}]}}