{"id":7225,"date":"2023-09-06T08:12:28","date_gmt":"2023-09-06T08:12:28","guid":{"rendered":"https:\/\/www.otbwaterdesign.com\/proyecto\/installacio-i-disseny-cortina-daigua-a-la-placa-miguel-salamero\/"},"modified":"2023-12-15T11:14:28","modified_gmt":"2023-12-15T11:14:28","slug":"installacio-i-disseny-cortina-daigua-a-la-placa-miguel-salamero","status":"publish","type":"proyecto","link":"https:\/\/www.otbwaterdesign.com\/ca\/proyecto\/installacio-i-disseny-cortina-daigua-a-la-placa-miguel-salamero\/","title":{"rendered":"Instal\u00b7laci\u00f3 i Disseny Cortina d&#8217;aigua a la Pla\u00e7a Miguel Salamero"},"content":{"rendered":"<h3><b>Disseny<\/b><\/h3>\n<p>Els dos sistemes s&#8217;adapten a la forma de les p\u00e8rgoles que embelleixen la pla\u00e7a i van ser dissenyats per passar desapercebuts en un primer moment, ja que queden encastats en l&#8217;est\u00e8tica de les p\u00e8rgoles.<\/p>\n<p>El sistema de polvoritzaci\u00f3 es va instal\u00b7lar a una altura de tres metres i segueix les formes de les p\u00e8rgoles. Des d&#8217;aquesta altura es pot abastar una \u00e0rea m\u00e9s gran i alhora s&#8217;aconsegueix que l&#8217;efecte es percebi des de terra.<\/p>\n<p>La cortina d&#8217;aigua de la pla\u00e7a es va idear per poder fer projeccions, tal com s&#8217;havia requerit. La font t\u00e9 quatre punts de sustentaci\u00f3 i ofereix una cortina de nou metres de llarg per quatre metres i mig d&#8217;alt per projectar sobre aigua. La resta d&#8217;instal\u00b7laci\u00f3 i sistemes es van desenvolupar tenint en compte aquestes necessitats.<\/p>\n<h3><b>Execuci\u00f3<\/b><\/h3>\n<p>La instal\u00b7laci\u00f3 de la cortina d&#8217;aigua i el sistema de polvoritzaci\u00f3 es va dur a terme en un termini de dos mesos i va comprendre:<\/p>\n<ul>\n<li>Instal\u00b7laci\u00f3 d&#8217;elements hidr\u00e0ulics:<\/li>\n<\/ul>\n<p>S&#8217;hi van instal\u00b7lar les canonades necess\u00e0ries per a la impulsi\u00f3, connexi\u00f3 de servei, buidatge, sobreeixidor i pas de cables de la cortina i del sistema de polvoritzaci\u00f3.\u00a0 Aquestes canonades es van enterrar i preparar per sota del terreny, que posteriorment es va reomplir i es va deixar a punt per muntar i col\u00b7locar els sistemes a la p\u00e8rgola.<\/p>\n<p>Tamb\u00e9 es van deixar preparats els tubs per al pas dels cables, de manera que les obres de la pla\u00e7a poguessin tirar endavant.<\/p>\n<ul>\n<li>Col\u00b7locaci\u00f3 d&#8217;equips a les p\u00e8rgoles:<\/li>\n<\/ul>\n<p>Es va haver de sincronitzar a la perfecci\u00f3 la instal\u00b7laci\u00f3 de les p\u00e8rgoles i dels sistemes, ja que estaven molt interconnectats. Sobre la p\u00e8rgola es van muntar els sistemes d&#8217;il\u00b7luminaci\u00f3, les canonades d&#8217;impulsi\u00f3 i de polvoritzaci\u00f3, els col\u00b7lectors de distribuci\u00f3, els filtres i els sistemes lum\u00ednics.<\/p>\n<p>Al centre de la cortina, a tres metres, s&#8217;hi va instal\u00b7lar el projector i el seu sistema de refrigeraci\u00f3, que garanteix una vida \u00fatil m\u00e9s llarga a causa de les temperatures extremes de Saragossa.<\/p>\n<p>Els altaveus es van instal\u00b7lar penjant als acabaments de la cortina, per tal d&#8217;expandir m\u00e9s el so.<\/p>\n<ul>\n<li>Instal\u00b7laci\u00f3 el\u00e8ctrica:<\/li>\n<\/ul>\n<p>Un cop col\u00b7locats els equips a la sala t\u00e8cnica i a les p\u00e8rgoles, es van connectar tots els equips necessaris perqu\u00e8 els sistemes de so, projecci\u00f3, caiguda d&#8217;aigua i il\u00b7luminaci\u00f3 de la cortina i el sistema de polvoritzaci\u00f3 funcionin correctament i se sincronitzin de manera perfecta. El sistema de control instal\u00b7lat es pot controlar a dist\u00e0ncia.<\/p>\n<p>Es va programar l&#8217;horari de funcionament i els efectes que es volien incloure en el v\u00eddeo de la projecci\u00f3, d&#8217;acord amb els requisits de l&#8217;ajuntament.<\/p>\n<h3><b>Sostenibilitat<\/b><\/h3>\n<p>A OTB tenim molt presents els criteris de sostenibilitat europeus a l&#8217;hora de fer realitat els nostres projectes. Utilitzem productes fabricats a la zona, com ara altaveus d&#8217;una empresa local, per reduir l&#8217;impacte ambiental del transport.<\/p>\n<p>Pel que fa a l&#8217;efici\u00e8ncia energ\u00e8tica, dissenyem les nostres instal\u00b7lacions de manera que siguin altament eficients. A la cortina, s&#8217;hi va col\u00b7locar una tira led de baixa pot\u00e8ncia per reduir-ne el consum energ\u00e8tic sense comprometre&#8217;n les prestacions.<\/p>\n<p>A m\u00e9s, la cortina funciona amb un circuit tancat, cosa que ens permet disminuir el consum d&#8217;aigua. Nom\u00e9s s&#8217;hi fan aportacions espor\u00e0diques d&#8217;aigua quan cal, aix\u00ed la font contribueix a conservar aquest recurs vital.<\/p>\n<p>En resum, a OTB ens esforcem per incorporar principis de sostenibilitat en els nostres projectes. Fem servir materials locals per reduir l&#8217;impacte ambiental del transport, prioritzem l&#8217;efici\u00e8ncia energ\u00e8tica mitjan\u00e7ant l&#8217;\u00fas de tecnologies d&#8217;il\u00b7luminaci\u00f3 de baixa pot\u00e8ncia i ajustem les nostres instal\u00b7lacions per minimitzar el consum d&#8217;aigua. Aquestes mesures demostren el nostre comprom\u00eds amb la sostenibilitat i la protecci\u00f3 del medi ambient.<\/p>\n","protected":false},"featured_media":7194,"template":"","meta":{"_acf_changed":false},"categories":[72],"tags":[102],"acf":[],"yoast_head":"<!-- This site is optimized with the Yoast SEO Premium plugin v22.5 (Yoast SEO v22.5) - https:\/\/yoast.com\/wordpress\/plugins\/seo\/ -->\n<title>Instal\u00b7laci\u00f3 i Disseny Cortina d&#039;aigua a la Pla\u00e7a Miguel Salamero - Oficina T\u00e9cnica Buigas<\/title>\n<meta name=\"robots\" content=\"index, follow, max-snippet:-1, max-image-preview:large, max-video-preview:-1\" \/>\n<link rel=\"canonical\" href=\"https:\/\/www.otbwaterdesign.com\/ca\/proyecto\/installacio-i-disseny-cortina-daigua-a-la-placa-miguel-salamero\/\" \/>\n<meta property=\"og:locale\" content=\"ca_ES\" \/>\n<meta property=\"og:type\" content=\"article\" \/>\n<meta property=\"og:title\" content=\"Instal\u00b7laci\u00f3 i Disseny Cortina d&#039;aigua a la Pla\u00e7a Miguel Salamero\" \/>\n<meta property=\"og:description\" content=\"Disseny Els dos sistemes s&#8217;adapten a la forma de les p\u00e8rgoles que embelleixen la pla\u00e7a i van ser dissenyats per passar desapercebuts en un primer moment, ja que queden encastats en l&#8217;est\u00e8tica de les p\u00e8rgoles. El sistema de polvoritzaci\u00f3 es va instal\u00b7lar a una altura de tres metres i segueix les formes de les p\u00e8rgoles. ... Read more\" \/>\n<meta property=\"og:url\" content=\"https:\/\/www.otbwaterdesign.com\/ca\/proyecto\/installacio-i-disseny-cortina-daigua-a-la-placa-miguel-salamero\/\" \/>\n<meta property=\"og:site_name\" content=\"Oficina T\u00e9cnica Buigas\" \/>\n<meta property=\"article:modified_time\" content=\"2023-12-15T11:14:28+00:00\" \/>\n<meta property=\"og:image\" content=\"https:\/\/www.otbwaterdesign.com\/wp-content\/uploads\/2023\/09\/Cortina-de-agua-Plaza-Salamero.jpg\" \/>\n\t<meta property=\"og:image:width\" content=\"1701\" \/>\n\t<meta property=\"og:image:height\" content=\"1132\" \/>\n\t<meta property=\"og:image:type\" content=\"image\/jpeg\" \/>\n<meta name=\"twitter:card\" content=\"summary_large_image\" \/>\n<meta name=\"twitter:label1\" content=\"Temps estimat de lectura\" \/>\n\t<meta name=\"twitter:data1\" content=\"3 minuts\" \/>\n<script type=\"application\/ld+json\" class=\"yoast-schema-graph\">{\"@context\":\"https:\/\/schema.org\",\"@graph\":[{\"@type\":\"WebPage\",\"@id\":\"https:\/\/www.otbwaterdesign.com\/ca\/proyecto\/installacio-i-disseny-cortina-daigua-a-la-placa-miguel-salamero\/\",\"url\":\"https:\/\/www.otbwaterdesign.com\/ca\/proyecto\/installacio-i-disseny-cortina-daigua-a-la-placa-miguel-salamero\/\",\"name\":\"Instal\u00b7laci\u00f3 i Disseny Cortina d'aigua a la Pla\u00e7a Miguel Salamero - Oficina T\u00e9cnica Buigas\",\"isPartOf\":{\"@id\":\"https:\/\/www.otbwaterdesign.com\/ca\/#website\"},\"primaryImageOfPage\":{\"@id\":\"https:\/\/www.otbwaterdesign.com\/ca\/proyecto\/installacio-i-disseny-cortina-daigua-a-la-placa-miguel-salamero\/#primaryimage\"},\"image\":{\"@id\":\"https:\/\/www.otbwaterdesign.com\/ca\/proyecto\/installacio-i-disseny-cortina-daigua-a-la-placa-miguel-salamero\/#primaryimage\"},\"thumbnailUrl\":\"https:\/\/www.otbwaterdesign.com\/wp-content\/uploads\/2023\/09\/Cortina-de-agua-Plaza-Salamero.jpg\",\"datePublished\":\"2023-09-06T08:12:28+00:00\",\"dateModified\":\"2023-12-15T11:14:28+00:00\",\"breadcrumb\":{\"@id\":\"https:\/\/www.otbwaterdesign.com\/ca\/proyecto\/installacio-i-disseny-cortina-daigua-a-la-placa-miguel-salamero\/#breadcrumb\"},\"inLanguage\":\"ca\",\"potentialAction\":[{\"@type\":\"ReadAction\",\"target\":[\"https:\/\/www.otbwaterdesign.com\/ca\/proyecto\/installacio-i-disseny-cortina-daigua-a-la-placa-miguel-salamero\/\"]}]},{\"@type\":\"ImageObject\",\"inLanguage\":\"ca\",\"@id\":\"https:\/\/www.otbwaterdesign.com\/ca\/proyecto\/installacio-i-disseny-cortina-daigua-a-la-placa-miguel-salamero\/#primaryimage\",\"url\":\"https:\/\/www.otbwaterdesign.com\/wp-content\/uploads\/2023\/09\/Cortina-de-agua-Plaza-Salamero.jpg\",\"contentUrl\":\"https:\/\/www.otbwaterdesign.com\/wp-content\/uploads\/2023\/09\/Cortina-de-agua-Plaza-Salamero.jpg\",\"width\":1701,\"height\":1132},{\"@type\":\"BreadcrumbList\",\"@id\":\"https:\/\/www.otbwaterdesign.com\/ca\/proyecto\/installacio-i-disseny-cortina-daigua-a-la-placa-miguel-salamero\/#breadcrumb\",\"itemListElement\":[{\"@type\":\"ListItem\",\"position\":1,\"name\":\"Portada\",\"item\":\"https:\/\/www.otbwaterdesign.com\/ca\/\"},{\"@type\":\"ListItem\",\"position\":2,\"name\":\"Instal\u00b7laci\u00f3 i Disseny Cortina d&#8217;aigua a la Pla\u00e7a Miguel Salamero\"}]},{\"@type\":\"WebSite\",\"@id\":\"https:\/\/www.otbwaterdesign.com\/ca\/#website\",\"url\":\"https:\/\/www.otbwaterdesign.com\/ca\/\",\"name\":\"Oficina T\u00e9cnica Buigas\",\"description\":\"Fuentes Ornamentales OTB\",\"publisher\":{\"@id\":\"https:\/\/www.otbwaterdesign.com\/ca\/#organization\"},\"potentialAction\":[{\"@type\":\"SearchAction\",\"target\":{\"@type\":\"EntryPoint\",\"urlTemplate\":\"https:\/\/www.otbwaterdesign.com\/ca\/?s={search_term_string}\"},\"query-input\":\"required name=search_term_string\"}],\"inLanguage\":\"ca\"},{\"@type\":\"Organization\",\"@id\":\"https:\/\/www.otbwaterdesign.com\/ca\/#organization\",\"name\":\"Otb.es\",\"url\":\"https:\/\/www.otbwaterdesign.com\/ca\/\",\"logo\":{\"@type\":\"ImageObject\",\"inLanguage\":\"ca\",\"@id\":\"https:\/\/www.otbwaterdesign.com\/ca\/#\/schema\/logo\/image\/\",\"url\":\"https:\/\/www.otbwaterdesign.com\/wp-content\/uploads\/2020\/10\/OTB-Logo-2.png\",\"contentUrl\":\"https:\/\/www.otbwaterdesign.com\/wp-content\/uploads\/2020\/10\/OTB-Logo-2.png\",\"width\":216,\"height\":228,\"caption\":\"Otb.es\"},\"image\":{\"@id\":\"https:\/\/www.otbwaterdesign.com\/ca\/#\/schema\/logo\/image\/\"}}]}<\/script>\n<!-- \/ Yoast SEO Premium plugin. -->","yoast_head_json":{"title":"Instal\u00b7laci\u00f3 i Disseny Cortina d'aigua a la Pla\u00e7a Miguel Salamero - Oficina T\u00e9cnica Buigas","robots":{"index":"index","follow":"follow","max-snippet":"max-snippet:-1","max-image-preview":"max-image-preview:large","max-video-preview":"max-video-preview:-1"},"canonical":"https:\/\/www.otbwaterdesign.com\/ca\/proyecto\/installacio-i-disseny-cortina-daigua-a-la-placa-miguel-salamero\/","og_locale":"ca_ES","og_type":"article","og_title":"Instal\u00b7laci\u00f3 i Disseny Cortina d'aigua a la Pla\u00e7a Miguel Salamero","og_description":"Disseny Els dos sistemes s&#8217;adapten a la forma de les p\u00e8rgoles que embelleixen la pla\u00e7a i van ser dissenyats per passar desapercebuts en un primer moment, ja que queden encastats en l&#8217;est\u00e8tica de les p\u00e8rgoles. El sistema de polvoritzaci\u00f3 es va instal\u00b7lar a una altura de tres metres i segueix les formes de les p\u00e8rgoles. ... Read more","og_url":"https:\/\/www.otbwaterdesign.com\/ca\/proyecto\/installacio-i-disseny-cortina-daigua-a-la-placa-miguel-salamero\/","og_site_name":"Oficina T\u00e9cnica Buigas","article_modified_time":"2023-12-15T11:14:28+00:00","og_image":[{"width":1701,"height":1132,"url":"https:\/\/www.otbwaterdesign.com\/wp-content\/uploads\/2023\/09\/Cortina-de-agua-Plaza-Salamero.jpg","type":"image\/jpeg"}],"twitter_card":"summary_large_image","twitter_misc":{"Temps estimat de lectura":"3 minuts"},"schema":{"@context":"https:\/\/schema.org","@graph":[{"@type":"WebPage","@id":"https:\/\/www.otbwaterdesign.com\/ca\/proyecto\/installacio-i-disseny-cortina-daigua-a-la-placa-miguel-salamero\/","url":"https:\/\/www.otbwaterdesign.com\/ca\/proyecto\/installacio-i-disseny-cortina-daigua-a-la-placa-miguel-salamero\/","name":"Instal\u00b7laci\u00f3 i Disseny Cortina d'aigua a la Pla\u00e7a Miguel Salamero - Oficina T\u00e9cnica Buigas","isPartOf":{"@id":"https:\/\/www.otbwaterdesign.com\/ca\/#website"},"primaryImageOfPage":{"@id":"https:\/\/www.otbwaterdesign.com\/ca\/proyecto\/installacio-i-disseny-cortina-daigua-a-la-placa-miguel-salamero\/#primaryimage"},"image":{"@id":"https:\/\/www.otbwaterdesign.com\/ca\/proyecto\/installacio-i-disseny-cortina-daigua-a-la-placa-miguel-salamero\/#primaryimage"},"thumbnailUrl":"https:\/\/www.otbwaterdesign.com\/wp-content\/uploads\/2023\/09\/Cortina-de-agua-Plaza-Salamero.jpg","datePublished":"2023-09-06T08:12:28+00:00","dateModified":"2023-12-15T11:14:28+00:00","breadcrumb":{"@id":"https:\/\/www.otbwaterdesign.com\/ca\/proyecto\/installacio-i-disseny-cortina-daigua-a-la-placa-miguel-salamero\/#breadcrumb"},"inLanguage":"ca","potentialAction":[{"@type":"ReadAction","target":["https:\/\/www.otbwaterdesign.com\/ca\/proyecto\/installacio-i-disseny-cortina-daigua-a-la-placa-miguel-salamero\/"]}]},{"@type":"ImageObject","inLanguage":"ca","@id":"https:\/\/www.otbwaterdesign.com\/ca\/proyecto\/installacio-i-disseny-cortina-daigua-a-la-placa-miguel-salamero\/#primaryimage","url":"https:\/\/www.otbwaterdesign.com\/wp-content\/uploads\/2023\/09\/Cortina-de-agua-Plaza-Salamero.jpg","contentUrl":"https:\/\/www.otbwaterdesign.com\/wp-content\/uploads\/2023\/09\/Cortina-de-agua-Plaza-Salamero.jpg","width":1701,"height":1132},{"@type":"BreadcrumbList","@id":"https:\/\/www.otbwaterdesign.com\/ca\/proyecto\/installacio-i-disseny-cortina-daigua-a-la-placa-miguel-salamero\/#breadcrumb","itemListElement":[{"@type":"ListItem","position":1,"name":"Portada","item":"https:\/\/www.otbwaterdesign.com\/ca\/"},{"@type":"ListItem","position":2,"name":"Instal\u00b7laci\u00f3 i Disseny Cortina d&#8217;aigua a la Pla\u00e7a Miguel Salamero"}]},{"@type":"WebSite","@id":"https:\/\/www.otbwaterdesign.com\/ca\/#website","url":"https:\/\/www.otbwaterdesign.com\/ca\/","name":"Oficina T\u00e9cnica Buigas","description":"Fuentes Ornamentales OTB","publisher":{"@id":"https:\/\/www.otbwaterdesign.com\/ca\/#organization"},"potentialAction":[{"@type":"SearchAction","target":{"@type":"EntryPoint","urlTemplate":"https:\/\/www.otbwaterdesign.com\/ca\/?s={search_term_string}"},"query-input":"required name=search_term_string"}],"inLanguage":"ca"},{"@type":"Organization","@id":"https:\/\/www.otbwaterdesign.com\/ca\/#organization","name":"Otb.es","url":"https:\/\/www.otbwaterdesign.com\/ca\/","logo":{"@type":"ImageObject","inLanguage":"ca","@id":"https:\/\/www.otbwaterdesign.com\/ca\/#\/schema\/logo\/image\/","url":"https:\/\/www.otbwaterdesign.com\/wp-content\/uploads\/2020\/10\/OTB-Logo-2.png","contentUrl":"https:\/\/www.otbwaterdesign.com\/wp-content\/uploads\/2020\/10\/OTB-Logo-2.png","width":216,"height":228,"caption":"Otb.es"},"image":{"@id":"https:\/\/www.otbwaterdesign.com\/ca\/#\/schema\/logo\/image\/"}}]}},"_links":{"self":[{"href":"https:\/\/www.otbwaterdesign.com\/ca\/wp-json\/wp\/v2\/proyecto\/7225"}],"collection":[{"href":"https:\/\/www.otbwaterdesign.com\/ca\/wp-json\/wp\/v2\/proyecto"}],"about":[{"href":"https:\/\/www.otbwaterdesign.com\/ca\/wp-json\/wp\/v2\/types\/proyecto"}],"version-history":[{"count":7,"href":"https:\/\/www.otbwaterdesign.com\/ca\/wp-json\/wp\/v2\/proyecto\/7225\/revisions"}],"predecessor-version":[{"id":11114,"href":"https:\/\/www.otbwaterdesign.com\/ca\/wp-json\/wp\/v2\/proyecto\/7225\/revisions\/11114"}],"wp:featuredmedia":[{"embeddable":true,"href":"https:\/\/www.otbwaterdesign.com\/ca\/wp-json\/wp\/v2\/media\/7194"}],"wp:attachment":[{"href":"https:\/\/www.otbwaterdesign.com\/ca\/wp-json\/wp\/v2\/media?parent=7225"}],"wp:term":[{"taxonomy":"category","embeddable":true,"href":"https:\/\/www.otbwaterdesign.com\/ca\/wp-json\/wp\/v2\/categories?post=7225"},{"taxonomy":"post_tag","embeddable":true,"href":"https:\/\/www.otbwaterdesign.com\/ca\/wp-json\/wp\/v2\/tags?post=7225"}],"curies":[{"name":"wp","href":"https:\/\/api.w.org\/{rel}","templated":true}]}}